{"id":878,"date":"2017-11-10T14:08:51","date_gmt":"2017-11-10T14:08:51","guid":{"rendered":"http:\/\/tag_link_site_url\/blog\/"},"modified":"2025-11-30T08:24:39","modified_gmt":"2025-11-30T07:24:39","slug":"notre-blog","status":"publish","type":"page","link":"https:\/\/avecsoimaime71.com\/site\/notre-blog\/","title":{"rendered":"Notre Blog"},"content":{"rendered":"\t\t<div data-elementor-type=\"wp-page\" data-elementor-id=\"878\" class=\"elementor elementor-878\">\n\t\t\t\t<div class=\"elementor-element elementor-element-61b1452 e-flex e-con-boxed e-con e-parent\" data-id=\"61b1452\" data-element_type=\"container\" data-e-type=\"container\">\n\t\t\t\t\t<div class=\"e-con-inner\">\n\t\t\t\t<div class=\"elementor-element elementor-element-2e4f462 elementor-widget elementor-widget-spacer\" data-id=\"2e4f462\" data-element_type=\"widget\" data-e-type=\"widget\" data-widget_type=\"spacer.default\">\n\t\t\t\t\t\t\t<div class=\"elementor-spacer\">\n\t\t\t<div class=\"elementor-spacer-inner\"><\/div>\n\t\t<\/div>\n\t\t\t\t\t\t<\/div>\n\t\t\t\t<div class=\"elementor-element elementor-element-b4c5408 elementor-widget elementor-widget-heading\" data-id=\"b4c5408\" data-element_type=\"widget\" data-e-type=\"widget\" data-widget_type=\"heading.default\">\n\t\t\t\t\t<h3 class=\"elementor-heading-title elementor-size-default\">Tous nos articles publi\u00e9s,<br>par ordre alphab\u00e9tique croissant des titres<\/h3>\t\t\t\t<\/div>\n\t\t\t\t<div class=\"elementor-element elementor-element-24ca2e4 elementor-widget elementor-widget-spacer\" data-id=\"24ca2e4\" data-element_type=\"widget\" data-e-type=\"widget\" data-widget_type=\"spacer.default\">\n\t\t\t\t\t\t\t<div class=\"elementor-spacer\">\n\t\t\t<div class=\"elementor-spacer-inner\"><\/div>\n\t\t<\/div>\n\t\t\t\t\t\t<\/div>\n\t\t\t\t<div class=\"elementor-element elementor-element-d03962d elementor-widget elementor-widget-heading\" data-id=\"d03962d\" data-element_type=\"widget\" data-e-type=\"widget\" data-widget_type=\"heading.default\">\n\t\t\t\t\t<h2 class=\"elementor-heading-title elementor-size-default\">Post grid<\/h2>\t\t\t\t<\/div>\n\t\t\t\t<div class=\"elementor-element elementor-element-2d85239 elementor-grid-eael-col-4 elementor-grid-tablet-eael-col-2 elementor-grid-mobile-eael-col-1 elementor-widget elementor-widget-eael-post-grid\" data-id=\"2d85239\" data-element_type=\"widget\" data-e-type=\"widget\" data-settings=\"{&quot;eael_post_grid_columns&quot;:&quot;eael-col-4&quot;,&quot;eael_post_grid_columns_tablet&quot;:&quot;eael-col-2&quot;,&quot;eael_post_grid_columns_mobile&quot;:&quot;eael-col-1&quot;}\" data-widget_type=\"eael-post-grid.default\">\n\t\t\t\t\t<div id=\"eael-post-grid-2d85239\" class=\"eael-post-grid-container\">\n            <div class=\"eael-post-grid eael-post-appender eael-post-appender-2d85239 eael-post-grid-style-two\" data-layout-mode=\"grid\"><article class=\"eael-grid-post  eael-post-grid-column eael-pg-post-2364 category-soutenir\" data-id=\"2364\">\n    <div class=\"eael-grid-post-holder\">\n        <div class=\"eael-grid-post-holder-inner\"><div class=\"eael-entry-media\"><ul class=\"post-carousel-categories\"><li><a href=\"https:\/\/avecsoimaime71.com\/site\/category\/soutenir\/\">Soutenir<\/a><\/li><\/ul><div class=\"eael-entry-overlay fade-in\"><i class=\"fas fa-long-arrow-alt-right\" aria-hidden=\"true\"><\/i><a href=\"https:\/\/avecsoimaime71.com\/site\/accompagnement-administratif\/\"rel=\"nofollow\"><\/a><\/div><div class=\"eael-entry-thumbnail eael-image-ratio\">\n                            <img fetchpriority=\"high\" decoding=\"async\" width=\"300\" height=\"197\" src=\"https:\/\/avecsoimaime71.com\/site\/wp-content\/uploads\/2025\/11\/page-accueil-soutenir-accompagnement-administratif-300x197.png\" class=\"attachment-medium size-medium wp-image-4394\" alt=\"\" srcset=\"https:\/\/avecsoimaime71.com\/site\/wp-content\/uploads\/2025\/11\/page-accueil-soutenir-accompagnement-administratif-300x197.png 300w, https:\/\/avecsoimaime71.com\/site\/wp-content\/uploads\/2025\/11\/page-accueil-soutenir-accompagnement-administratif.png 710w\" sizes=\"(max-width: 300px) 100vw, 300px\" \/>\n                            <\/div>\n                    <\/div><div class=\"eael-entry-wrapper\"><header class=\"eael-entry-header\"><h2 class=\"eael-entry-title\"><a class=\"eael-grid-post-link\" href=\"https:\/\/avecsoimaime71.com\/site\/accompagnement-administratif\/\" title=\"Accompagnement administratif\"rel=\"nofollow\">Accompagnement administratif<\/a><\/h2><\/header><div class=\"eael-entry-content\">\n                                <div class=\"eael-grid-post-excerpt\"><p>Soutenir les familles dans leurs d\u00e9marches administratives Accompagner un enfant...<\/p><a href=\"https:\/\/avecsoimaime71.com\/site\/accompagnement-administratif\/\" class=\"eael-post-elements-readmore-btn\"rel=\"nofollow\">En savoir plus ...<\/a><\/div>\n                            <\/div><div class=\"eael-entry-header-after style-two\"><div class=\"eael-entry-meta\"><span class=\"eael-meta-posted-on\"><i class=\"far fa-clock\"><\/i><time datetime=\"15 novembre 2025\">15 novembre 2025<\/time><\/span><ul class=\"post-meta-categories\"><li class=\"meta-cat-icon\"><i class=\"far fa-folder-open\"><\/i><\/li><li><a href=\"https:\/\/avecsoimaime71.com\/site\/category\/soutenir\/\">Soutenir <\/a><\/li><\/ul><\/div><\/div><\/div><\/div>\n    <\/div>\n<\/article><article class=\"eael-grid-post  eael-post-grid-column eael-pg-post-2749 category-informer\" data-id=\"2749\">\n    <div class=\"eael-grid-post-holder\">\n        <div class=\"eael-grid-post-holder-inner\"><div class=\"eael-entry-media\"><ul class=\"post-carousel-categories\"><li><a href=\"https:\/\/avecsoimaime71.com\/site\/category\/informer\/\">Informer<\/a><\/li><\/ul><div class=\"eael-entry-overlay fade-in\"><i class=\"fas fa-long-arrow-alt-right\" aria-hidden=\"true\"><\/i><a href=\"https:\/\/avecsoimaime71.com\/site\/adresses-utiles\/\"rel=\"nofollow\"><\/a><\/div><div class=\"eael-entry-thumbnail eael-image-ratio\">\n                            <img decoding=\"async\" width=\"300\" height=\"300\" src=\"https:\/\/avecsoimaime71.com\/site\/wp-content\/uploads\/2025\/11\/page-accueil-informer-adresses-utiles-2-300x300.png\" class=\"attachment-medium size-medium wp-image-4390\" alt=\"\" srcset=\"https:\/\/avecsoimaime71.com\/site\/wp-content\/uploads\/2025\/11\/page-accueil-informer-adresses-utiles-2-300x300.png 300w, https:\/\/avecsoimaime71.com\/site\/wp-content\/uploads\/2025\/11\/page-accueil-informer-adresses-utiles-2-150x150.png 150w, https:\/\/avecsoimaime71.com\/site\/wp-content\/uploads\/2025\/11\/page-accueil-informer-adresses-utiles-2.png 466w\" sizes=\"(max-width: 300px) 100vw, 300px\" \/>\n                            <\/div>\n                    <\/div><div class=\"eael-entry-wrapper\"><header class=\"eael-entry-header\"><h2 class=\"eael-entry-title\"><a class=\"eael-grid-post-link\" href=\"https:\/\/avecsoimaime71.com\/site\/adresses-utiles\/\" title=\"Adresses utiles\"rel=\"nofollow\">Adresses utiles<\/a><\/h2><\/header><div class=\"eael-entry-content\">\n                                <div class=\"eael-grid-post-excerpt\"><p>Adresses utiles Handicap (pdf) Adresses utiles Handicap (excell) Pour les...<\/p><a href=\"https:\/\/avecsoimaime71.com\/site\/adresses-utiles\/\" class=\"eael-post-elements-readmore-btn\"rel=\"nofollow\">En savoir plus ...<\/a><\/div>\n                            <\/div><div class=\"eael-entry-header-after style-two\"><div class=\"eael-entry-meta\"><span class=\"eael-meta-posted-on\"><i class=\"far fa-clock\"><\/i><time datetime=\"18 novembre 2025\">18 novembre 2025<\/time><\/span><ul class=\"post-meta-categories\"><li class=\"meta-cat-icon\"><i class=\"far fa-folder-open\"><\/i><\/li><li><a href=\"https:\/\/avecsoimaime71.com\/site\/category\/informer\/\">Informer <\/a><\/li><\/ul><\/div><\/div><\/div><\/div>\n    <\/div>\n<\/article><article class=\"eael-grid-post  eael-post-grid-column eael-pg-post-587 category-equipe-avec-soi-maime\" data-id=\"587\">\n    <div class=\"eael-grid-post-holder\">\n        <div class=\"eael-grid-post-holder-inner\"><div class=\"eael-entry-media\"><ul class=\"post-carousel-categories\"><li><a href=\"https:\/\/avecsoimaime71.com\/site\/category\/equipe-avec-soi-maime\/\">\u00c9quipe Avec Soi M&#039;Aime<\/a><\/li><\/ul><div class=\"eael-entry-overlay fade-in\"><i class=\"fas fa-long-arrow-alt-right\" aria-hidden=\"true\"><\/i><a href=\"https:\/\/avecsoimaime71.com\/site\/\"rel=\"nofollow\"><\/a><\/div><div class=\"eael-entry-thumbnail eael-image-ratio\">\n                            <img decoding=\"async\" width=\"253\" height=\"300\" src=\"https:\/\/avecsoimaime71.com\/site\/wp-content\/uploads\/2025\/08\/portrait-alex-253x300.jpg\" class=\"attachment-medium size-medium wp-image-421\" alt=\"\" srcset=\"https:\/\/avecsoimaime71.com\/site\/wp-content\/uploads\/2025\/08\/portrait-alex-253x300.jpg 253w, https:\/\/avecsoimaime71.com\/site\/wp-content\/uploads\/2025\/08\/portrait-alex.jpg 492w\" sizes=\"(max-width: 253px) 100vw, 253px\" \/>\n                            <\/div>\n                    <\/div><div class=\"eael-entry-wrapper\"><header class=\"eael-entry-header\"><h2 class=\"eael-entry-title\"><a class=\"eael-grid-post-link\" href=\"https:\/\/avecsoimaime71.com\/site\/\" title=\"Alexandre\"rel=\"nofollow\">Alexandre<\/a><\/h2><\/header><div class=\"eael-entry-content\">\n                                <div class=\"eael-grid-post-excerpt\"><p>Qui suis-je ? De part mon ancien m\u00e9tier, j&rsquo;ai longtemps...<\/p><a href=\"https:\/\/avecsoimaime71.com\/site\/\" class=\"eael-post-elements-readmore-btn\"rel=\"nofollow\">En savoir plus ...<\/a><\/div>\n                            <\/div><div class=\"eael-entry-header-after style-two\"><div class=\"eael-entry-meta\"><span class=\"eael-meta-posted-on\"><i class=\"far fa-clock\"><\/i><time datetime=\"1 d\u00e9cembre 2025\">1 d\u00e9cembre 2025<\/time><\/span><ul class=\"post-meta-categories\"><li class=\"meta-cat-icon\"><i class=\"far fa-folder-open\"><\/i><\/li><li><a href=\"https:\/\/avecsoimaime71.com\/site\/category\/equipe-avec-soi-maime\/\">\u00c9quipe Avec Soi M'Aime <\/a><\/li><\/ul><\/div><\/div><\/div><\/div>\n    <\/div>\n<\/article><article class=\"eael-grid-post  eael-post-grid-column eael-pg-post-2750 category-soutenir\" data-id=\"2750\">\n    <div class=\"eael-grid-post-holder\">\n        <div class=\"eael-grid-post-holder-inner\"><div class=\"eael-entry-media\"><ul class=\"post-carousel-categories\"><li><a href=\"https:\/\/avecsoimaime71.com\/site\/category\/soutenir\/\">Soutenir<\/a><\/li><\/ul><div class=\"eael-entry-overlay fade-in\"><i class=\"fas fa-long-arrow-alt-right\" aria-hidden=\"true\"><\/i><a href=\"https:\/\/avecsoimaime71.com\/site\/ateliers-bien-etre\/\"rel=\"nofollow\"><\/a><\/div><div class=\"eael-entry-thumbnail eael-image-ratio\">\n                            <img loading=\"lazy\" decoding=\"async\" width=\"300\" height=\"198\" src=\"https:\/\/avecsoimaime71.com\/site\/wp-content\/uploads\/2025\/11\/page-accueil-soutenir-atelier.3-300x198.png\" class=\"attachment-medium size-medium wp-image-4395\" alt=\"\" srcset=\"https:\/\/avecsoimaime71.com\/site\/wp-content\/uploads\/2025\/11\/page-accueil-soutenir-atelier.3-300x198.png 300w, https:\/\/avecsoimaime71.com\/site\/wp-content\/uploads\/2025\/11\/page-accueil-soutenir-atelier.3.png 702w\" sizes=\"(max-width: 300px) 100vw, 300px\" \/>\n                            <\/div>\n                    <\/div><div class=\"eael-entry-wrapper\"><header class=\"eael-entry-header\"><h2 class=\"eael-entry-title\"><a class=\"eael-grid-post-link\" href=\"https:\/\/avecsoimaime71.com\/site\/ateliers-bien-etre\/\" title=\"Ateliers bien -\u00eatre\"rel=\"nofollow\">Ateliers bien -\u00eatre<\/a><\/h2><\/header><div class=\"eael-entry-content\">\n                                <div class=\"eael-grid-post-excerpt\"><p>Ateliers bien-\u00eatre : s&rsquo;accorder une parenth\u00e8se rien que pour soi...<\/p><a href=\"https:\/\/avecsoimaime71.com\/site\/ateliers-bien-etre\/\" class=\"eael-post-elements-readmore-btn\"rel=\"nofollow\">En savoir plus ...<\/a><\/div>\n                            <\/div><div class=\"eael-entry-header-after style-two\"><div class=\"eael-entry-meta\"><span class=\"eael-meta-posted-on\"><i class=\"far fa-clock\"><\/i><time datetime=\"18 novembre 2025\">18 novembre 2025<\/time><\/span><ul class=\"post-meta-categories\"><li class=\"meta-cat-icon\"><i class=\"far fa-folder-open\"><\/i><\/li><li><a href=\"https:\/\/avecsoimaime71.com\/site\/category\/soutenir\/\">Soutenir <\/a><\/li><\/ul><\/div><\/div><\/div><\/div>\n    <\/div>\n<\/article><\/div>\n            <div class=\"clearfix\"><\/div>\n        <\/div>            <div class=\"eael-load-more-button-wrap eael-force-hide\">\n                <button class=\"eael-load-more-button\" id=\"eael-load-more-btn-2d85239\" data-widget-id=\"2d85239\" data-widget=\"2d85239\" data-page-id=\"878\" data-template=\"{&quot;dir&quot;:&quot;lite&quot;,&quot;file_name&quot;:&quot;two.php&quot;,&quot;name&quot;:&quot;Post-Grid&quot;}\" data-class=\"Essential_Addons_Elementor\\Elements\\Post_Grid\" data-layout=\"grid\" data-page=\"1\" data-args=\"orderby=title&amp;order=asc&amp;ignore_sticky_posts=1&amp;post_status=publish&amp;posts_per_page=4&amp;offset=0&amp;post_type=post\" data-max-page=\"11\">\n                    <span class=\"eael-btn-loader button__loader\"><\/span>\n                    <span class=\"eael_load_more_text\">Load More<\/span>\n                <\/button>\n            <\/div>\n            \t\t\t\t<\/div>\n\t\t\t\t<div class=\"elementor-element elementor-element-c97adf7 elementor-widget elementor-widget-spacer\" data-id=\"c97adf7\" data-element_type=\"widget\" data-e-type=\"widget\" data-widget_type=\"spacer.default\">\n\t\t\t\t\t\t\t<div class=\"elementor-spacer\">\n\t\t\t<div class=\"elementor-spacer-inner\"><\/div>\n\t\t<\/div>\n\t\t\t\t\t\t<\/div>\n\t\t\t\t\t<\/div>\n\t\t\t\t<\/div>\n\t\t<div class=\"elementor-element elementor-element-3fc1d17 e-flex e-con-boxed e-con e-parent\" data-id=\"3fc1d17\" data-element_type=\"container\" data-e-type=\"container\">\n\t\t\t\t\t<div class=\"e-con-inner\">\n\t\t\t\t<div class=\"elementor-element elementor-element-036d0cf elementor-widget elementor-widget-spacer\" data-id=\"036d0cf\" data-element_type=\"widget\" data-e-type=\"widget\" data-widget_type=\"spacer.default\">\n\t\t\t\t\t\t\t<div class=\"elementor-spacer\">\n\t\t\t<div class=\"elementor-spacer-inner\"><\/div>\n\t\t<\/div>\n\t\t\t\t\t\t<\/div>\n\t\t\t\t<div class=\"elementor-element elementor-element-7a9ca11 elementor-widget elementor-widget-heading\" data-id=\"7a9ca11\" data-element_type=\"widget\" data-e-type=\"widget\" data-widget_type=\"heading.default\">\n\t\t\t\t\t<h3 class=\"elementor-heading-title elementor-size-default\">Tous nos articles publi\u00e9s,<br>les plus lus, en premier<\/h3>\t\t\t\t<\/div>\n\t\t\t\t<div class=\"elementor-element elementor-element-10130da elementor-widget elementor-widget-spacer\" data-id=\"10130da\" data-element_type=\"widget\" data-e-type=\"widget\" data-widget_type=\"spacer.default\">\n\t\t\t\t\t\t\t<div class=\"elementor-spacer\">\n\t\t\t<div class=\"elementor-spacer-inner\"><\/div>\n\t\t<\/div>\n\t\t\t\t\t\t<\/div>\n\t\t\t\t<div class=\"elementor-element elementor-element-52ffd4f elementor-widget elementor-widget-heading\" data-id=\"52ffd4f\" data-element_type=\"widget\" data-e-type=\"widget\" data-widget_type=\"heading.default\">\n\t\t\t\t\t<h2 class=\"elementor-heading-title elementor-size-default\">Post grid<\/h2>\t\t\t\t<\/div>\n\t\t\t\t<div class=\"elementor-element elementor-element-76ee2fd elementor-grid-eael-col-4 elementor-grid-tablet-eael-col-2 elementor-grid-mobile-eael-col-1 elementor-widget elementor-widget-eael-post-grid\" data-id=\"76ee2fd\" data-element_type=\"widget\" data-e-type=\"widget\" data-settings=\"{&quot;eael_post_grid_columns&quot;:&quot;eael-col-4&quot;,&quot;eael_post_grid_columns_tablet&quot;:&quot;eael-col-2&quot;,&quot;eael_post_grid_columns_mobile&quot;:&quot;eael-col-1&quot;}\" data-widget_type=\"eael-post-grid.default\">\n\t\t\t\t\t<div id=\"eael-post-grid-76ee2fd\" class=\"eael-post-grid-container\">\n            <div class=\"eael-post-grid eael-post-appender eael-post-appender-76ee2fd eael-post-grid-style-two\" data-layout-mode=\"grid\"><article class=\"eael-grid-post  eael-post-grid-column eael-pg-post-8086 category-en-page-daccueil-journal\" data-id=\"8086\">\n    <div class=\"eael-grid-post-holder\">\n        <div class=\"eael-grid-post-holder-inner\"><div class=\"eael-entry-wrapper\"><header class=\"eael-entry-header\"><h2 class=\"eael-entry-title\"><a class=\"eael-grid-post-link\" href=\"https:\/\/avecsoimaime71.com\/site\/journal-saone-et-loire-mars-2023-2\/\" title=\"Journal Sa\u00f4ne et Loire Mars 2023\"rel=\"nofollow\">Journal Sa\u00f4ne et Loire Mars 2023<\/a><\/h2><\/header><div class=\"eael-entry-content\">\n                                <div class=\"eael-grid-post-excerpt\"><p>Powered By EmbedPress<\/p><a href=\"https:\/\/avecsoimaime71.com\/site\/journal-saone-et-loire-mars-2023-2\/\" class=\"eael-post-elements-readmore-btn\"rel=\"nofollow\">En savoir plus ...<\/a><\/div>\n                            <\/div><div class=\"eael-entry-header-after style-two\"><div class=\"eael-entry-meta\"><span class=\"eael-meta-posted-on\"><i class=\"far fa-clock\"><\/i><time datetime=\"1 mars 2023\">1 mars 2023<\/time><\/span><ul class=\"post-meta-categories\"><li class=\"meta-cat-icon\"><i class=\"far fa-folder-open\"><\/i><\/li><li><a href=\"https:\/\/avecsoimaime71.com\/site\/category\/en-page-daccueil\/\">En page d'accueil <\/a><\/li><\/ul><\/div><\/div><\/div><\/div>\n    <\/div>\n<\/article><article class=\"eael-grid-post  eael-post-grid-column eael-pg-post-8100 category-en-page-daccueil-journal\" data-id=\"8100\">\n    <div class=\"eael-grid-post-holder\">\n        <div class=\"eael-grid-post-holder-inner\"><div class=\"eael-entry-wrapper\"><header class=\"eael-entry-header\"><h2 class=\"eael-entry-title\"><a class=\"eael-grid-post-link\" href=\"https:\/\/avecsoimaime71.com\/site\/journal-saone-et-loire-fevrier-2025-2\/\" title=\"Journal Sa\u00f4ne et Loire F\u00e9vrier 2025\"rel=\"nofollow\">Journal Sa\u00f4ne et Loire F\u00e9vrier 2025<\/a><\/h2><\/header><div class=\"eael-entry-content\">\n                                <div class=\"eael-grid-post-excerpt\"><p>Powered By EmbedPress<\/p><a href=\"https:\/\/avecsoimaime71.com\/site\/journal-saone-et-loire-fevrier-2025-2\/\" class=\"eael-post-elements-readmore-btn\"rel=\"nofollow\">En savoir plus ...<\/a><\/div>\n                            <\/div><div class=\"eael-entry-header-after style-two\"><div class=\"eael-entry-meta\"><span class=\"eael-meta-posted-on\"><i class=\"far fa-clock\"><\/i><time datetime=\"1 f\u00e9vrier 2025\">1 f\u00e9vrier 2025<\/time><\/span><ul class=\"post-meta-categories\"><li class=\"meta-cat-icon\"><i class=\"far fa-folder-open\"><\/i><\/li><li><a href=\"https:\/\/avecsoimaime71.com\/site\/category\/en-page-daccueil\/\">En page d'accueil <\/a><\/li><\/ul><\/div><\/div><\/div><\/div>\n    <\/div>\n<\/article><article class=\"eael-grid-post  eael-post-grid-column eael-pg-post-8075 category-en-page-daccueil-journal\" data-id=\"8075\">\n    <div class=\"eael-grid-post-holder\">\n        <div class=\"eael-grid-post-holder-inner\"><div class=\"eael-entry-wrapper\"><header class=\"eael-entry-header\"><h2 class=\"eael-entry-title\"><a class=\"eael-grid-post-link\" href=\"https:\/\/avecsoimaime71.com\/site\/journal-saone-et-loire-fevrier-2025\/\" title=\"Journal Sa\u00f4ne et Loire F\u00e9vrier 2025\"rel=\"nofollow\">Journal Sa\u00f4ne et Loire F\u00e9vrier 2025<\/a><\/h2><\/header><div class=\"eael-entry-content\">\n                                <div class=\"eael-grid-post-excerpt\"><p>Powered By EmbedPress<\/p><a href=\"https:\/\/avecsoimaime71.com\/site\/journal-saone-et-loire-fevrier-2025\/\" class=\"eael-post-elements-readmore-btn\"rel=\"nofollow\">En savoir plus ...<\/a><\/div>\n                            <\/div><div class=\"eael-entry-header-after style-two\"><div class=\"eael-entry-meta\"><span class=\"eael-meta-posted-on\"><i class=\"far fa-clock\"><\/i><time datetime=\"1 f\u00e9vrier 2025\">1 f\u00e9vrier 2025<\/time><\/span><ul class=\"post-meta-categories\"><li class=\"meta-cat-icon\"><i class=\"far fa-folder-open\"><\/i><\/li><li><a href=\"https:\/\/avecsoimaime71.com\/site\/category\/en-page-daccueil\/\">En page d'accueil <\/a><\/li><\/ul><\/div><\/div><\/div><\/div>\n    <\/div>\n<\/article><article class=\"eael-grid-post  eael-post-grid-column eael-pg-post-8081 category-en-page-daccueil-journal\" data-id=\"8081\">\n    <div class=\"eael-grid-post-holder\">\n        <div class=\"eael-grid-post-holder-inner\"><div class=\"eael-entry-wrapper\"><header class=\"eael-entry-header\"><h2 class=\"eael-entry-title\"><a class=\"eael-grid-post-link\" href=\"https:\/\/avecsoimaime71.com\/site\/journal-saone-et-loire-juin-2023\/\" title=\"Journal Sa\u00f4ne et Loire  Juin 2023\"rel=\"nofollow\">Journal Sa\u00f4ne et Loire  Juin 2023<\/a><\/h2><\/header><div class=\"eael-entry-content\">\n                                <div class=\"eael-grid-post-excerpt\"><p>Powered By EmbedPress<\/p><a href=\"https:\/\/avecsoimaime71.com\/site\/journal-saone-et-loire-juin-2023\/\" class=\"eael-post-elements-readmore-btn\"rel=\"nofollow\">En savoir plus ...<\/a><\/div>\n                            <\/div><div class=\"eael-entry-header-after style-two\"><div class=\"eael-entry-meta\"><span class=\"eael-meta-posted-on\"><i class=\"far fa-clock\"><\/i><time datetime=\"1 juin 2023\">1 juin 2023<\/time><\/span><ul class=\"post-meta-categories\"><li class=\"meta-cat-icon\"><i class=\"far fa-folder-open\"><\/i><\/li><li><a href=\"https:\/\/avecsoimaime71.com\/site\/category\/en-page-daccueil\/\">En page d'accueil <\/a><\/li><\/ul><\/div><\/div><\/div><\/div>\n    <\/div>\n<\/article><\/div>\n            <div class=\"clearfix\"><\/div>\n        <\/div>            <div class=\"eael-load-more-button-wrap eael-force-hide\">\n                <button class=\"eael-load-more-button\" id=\"eael-load-more-btn-76ee2fd\" data-widget-id=\"76ee2fd\" data-widget=\"76ee2fd\" data-page-id=\"878\" data-template=\"{&quot;dir&quot;:&quot;lite&quot;,&quot;file_name&quot;:&quot;two.php&quot;,&quot;name&quot;:&quot;Post-Grid&quot;}\" data-class=\"Essential_Addons_Elementor\\Elements\\Post_Grid\" data-layout=\"grid\" data-page=\"1\" data-args=\"orderby=meta_value_num&amp;order=asc&amp;ignore_sticky_posts=1&amp;post_status=publish&amp;posts_per_page=4&amp;offset=0&amp;post_type=post&amp;meta_key=_eael_post_view_count\" data-max-page=\"11\">\n                    <span class=\"eael-btn-loader button__loader\"><\/span>\n                    <span class=\"eael_load_more_text\">Load More<\/span>\n                <\/button>\n            <\/div>\n            \t\t\t\t<\/div>\n\t\t\t\t\t<\/div>\n\t\t\t\t<\/div>\n\t\t<div class=\"elementor-element elementor-element-1e54eb0 e-flex e-con-boxed e-con e-parent\" data-id=\"1e54eb0\" data-element_type=\"container\" data-e-type=\"container\">\n\t\t\t\t\t<div class=\"e-con-inner\">\n\t\t\t\t<div class=\"elementor-element elementor-element-47a5b3d elementor-widget elementor-widget-spacer\" data-id=\"47a5b3d\" data-element_type=\"widget\" data-e-type=\"widget\" data-widget_type=\"spacer.default\">\n\t\t\t\t\t\t\t<div class=\"elementor-spacer\">\n\t\t\t<div class=\"elementor-spacer-inner\"><\/div>\n\t\t<\/div>\n\t\t\t\t\t\t<\/div>\n\t\t\t\t<div class=\"elementor-element elementor-element-cee9d9f elementor-widget elementor-widget-heading\" data-id=\"cee9d9f\" data-element_type=\"widget\" data-e-type=\"widget\" data-widget_type=\"heading.default\">\n\t\t\t\t\t<h3 class=\"elementor-heading-title elementor-size-default\">Tous nos articles publi\u00e9s,<br>par ordre de date de publication<\/h3>\t\t\t\t<\/div>\n\t\t\t\t<div class=\"elementor-element elementor-element-7cb0d38 elementor-widget elementor-widget-spacer\" data-id=\"7cb0d38\" data-element_type=\"widget\" data-e-type=\"widget\" data-widget_type=\"spacer.default\">\n\t\t\t\t\t\t\t<div class=\"elementor-spacer\">\n\t\t\t<div class=\"elementor-spacer-inner\"><\/div>\n\t\t<\/div>\n\t\t\t\t\t\t<\/div>\n\t\t\t\t<div class=\"elementor-element elementor-element-0d27465 elementor-widget elementor-widget-heading\" data-id=\"0d27465\" data-element_type=\"widget\" data-e-type=\"widget\" data-widget_type=\"heading.default\">\n\t\t\t\t\t<h2 class=\"elementor-heading-title elementor-size-default\">Post timeline<\/h2>\t\t\t\t<\/div>\n\t\t\t\t<div class=\"elementor-element elementor-element-765a030 elementor-widget elementor-widget-eael-post-timeline\" data-id=\"765a030\" data-element_type=\"widget\" data-e-type=\"widget\" data-widget_type=\"eael-post-timeline.default\">\n\t\t\t\t\t<div id=\"eael-post-timeline-765a030\" class=\"eael-post-timeline timeline-layout-card eael-post-timeline-arrow-top\">\n            <div class=\"eael-post-timeline eael-post-appender eael-post-appender-765a030\"><article class=\"eael-timeline-post\">\n    <div class=\"eael-timeline-bullet\"><\/div>\n    <div class=\"eael-timeline-post-inner\">\n        <a class=\"eael-timeline-post-link\" href=\"https:\/\/avecsoimaime71.com\/site\/journal-saone-et-loire-janvier-2026\/\" title=\"Journal Sa\u00f4ne et Loire  Janvier 2026\">\n            <time datetime=\"3 janvier 2026\">3 janvier 2026<\/time>\n            <div class=\"eael-timeline-post-image\" style=\"background-image: url(https:\/\/avecsoimaime71.com\/site\/wp-content\/uploads\/2025\/08\/le-journal-de-saone-et-loire-Logo-300x71.png)\"><\/div><div class=\"eael-timeline-content\"><div class=\"eael-timeline-post-title\">\n\t\t                    <h2 class=\"eael-timeline-post-title-text\">Journal Sa\u00f4ne et Loire  Janvier 2026<\/h2>\n\t\t                <\/div><div class=\"eael-timeline-post-excerpt\"><p>Powered By EmbedPress<\/p><\/div><\/div><\/a>\n    <\/div>\n    <div class=\"eael-timeline-clear\"><\/div>\n<\/article><article class=\"eael-timeline-post\">\n    <div class=\"eael-timeline-bullet\"><\/div>\n    <div class=\"eael-timeline-post-inner\">\n        <a class=\"eael-timeline-post-link\" href=\"https:\/\/avecsoimaime71.com\/site\/\" title=\"Alexandre\">\n            <time datetime=\"1 d\u00e9cembre 2025\">1 d\u00e9cembre 2025<\/time>\n            <div class=\"eael-timeline-post-image\" style=\"background-image: url(https:\/\/avecsoimaime71.com\/site\/wp-content\/uploads\/2025\/08\/portrait-alex-253x300.jpg)\"><\/div><div class=\"eael-timeline-content\"><div class=\"eael-timeline-post-title\">\n\t\t                    <h2 class=\"eael-timeline-post-title-text\">Alexandre<\/h2>\n\t\t                <\/div><div class=\"eael-timeline-post-excerpt\"><p>Qui suis-je ? De part mon ancien m\u00e9tier, j&rsquo;ai longtemps...<\/p><\/div><\/div><\/a>\n    <\/div>\n    <div class=\"eael-timeline-clear\"><\/div>\n<\/article><article class=\"eael-timeline-post\">\n    <div class=\"eael-timeline-bullet\"><\/div>\n    <div class=\"eael-timeline-post-inner\">\n        <a class=\"eael-timeline-post-link\" href=\"https:\/\/avecsoimaime71.com\/site\/\" title=\"Audrey\">\n            <time datetime=\"1 d\u00e9cembre 2025\">1 d\u00e9cembre 2025<\/time>\n            <div class=\"eael-timeline-post-image\" style=\"background-image: url(https:\/\/avecsoimaime71.com\/site\/wp-content\/uploads\/2025\/11\/audrey-massage-hamma-assis-scaled-1-200x300.jpg)\"><\/div><div class=\"eael-timeline-content\"><div class=\"eael-timeline-post-title\">\n\t\t                    <h2 class=\"eael-timeline-post-title-text\">Audrey<\/h2>\n\t\t                <\/div><div class=\"eael-timeline-post-excerpt\"><p>TITRE Audrey Massage Amma Assis Texte Audrey Massage Amma Assis...<\/p><\/div><\/div><\/a>\n    <\/div>\n    <div class=\"eael-timeline-clear\"><\/div>\n<\/article><article class=\"eael-timeline-post\">\n    <div class=\"eael-timeline-bullet\"><\/div>\n    <div class=\"eael-timeline-post-inner\">\n        <a class=\"eael-timeline-post-link\" href=\"https:\/\/avecsoimaime71.com\/site\/journal-saone-et-loire-decembre-2025\/\" title=\"Journal Sa\u00f4ne et Loire D\u00e9cembre 2025\">\n            <time datetime=\"1 d\u00e9cembre 2025\">1 d\u00e9cembre 2025<\/time>\n            <div class=\"eael-timeline-post-image\" style=\"background-image: url(https:\/\/avecsoimaime71.com\/site\/wp-content\/uploads\/2025\/08\/le-journal-de-saone-et-loire-Logo-300x71.png)\"><\/div><div class=\"eael-timeline-content\"><div class=\"eael-timeline-post-title\">\n\t\t                    <h2 class=\"eael-timeline-post-title-text\">Journal Sa\u00f4ne et Loire D\u00e9cembre 2025<\/h2>\n\t\t                <\/div><div class=\"eael-timeline-post-excerpt\"><p><\/p><\/div><\/div><\/a>\n    <\/div>\n    <div class=\"eael-timeline-clear\"><\/div>\n<\/article><article class=\"eael-timeline-post\">\n    <div class=\"eael-timeline-bullet\"><\/div>\n    <div class=\"eael-timeline-post-inner\">\n        <a class=\"eael-timeline-post-link\" href=\"https:\/\/avecsoimaime71.com\/site\/bonjour-tout-le-monde\/\" title=\"Bonjour tout le monde\u00a0!\">\n            <time datetime=\"29 novembre 2025\">29 novembre 2025<\/time>\n            <div class=\"eael-timeline-content\"><div class=\"eael-timeline-post-title\">\n\t\t                    <h2 class=\"eael-timeline-post-title-text\">Bonjour tout le monde\u00a0!<\/h2>\n\t\t                <\/div><div class=\"eael-timeline-post-excerpt\"><p>Bienvenue sur WordPress. Ceci est votre premier article. Modifiez-le ou...<\/p><\/div><\/div><\/a>\n    <\/div>\n    <div class=\"eael-timeline-clear\"><\/div>\n<\/article><article class=\"eael-timeline-post\">\n    <div class=\"eael-timeline-bullet\"><\/div>\n    <div class=\"eael-timeline-post-inner\">\n        <a class=\"eael-timeline-post-link\" href=\"https:\/\/avecsoimaime71.com\/site\/quest-ce-quun-parent-aidant-01\/\" title=\"Qu&rsquo;est ce qu&rsquo;un parent aidant 01\">\n            <time datetime=\"23 novembre 2025\">23 novembre 2025<\/time>\n            <div class=\"eael-timeline-post-image\" style=\"background-image: url(https:\/\/avecsoimaime71.com\/site\/wp-content\/uploads\/2025\/11\/accueil-fond-de-page-300x300.jpg)\"><\/div><div class=\"eael-timeline-content\"><div class=\"eael-timeline-post-title\">\n\t\t                    <h2 class=\"eael-timeline-post-title-text\">Qu&rsquo;est ce qu&rsquo;un parent aidant 01<\/h2>\n\t\t                <\/div><div class=\"eael-timeline-post-excerpt\"><p>Proche aidant Que l&rsquo;aid\u00e9 soit une personne \u00e2g\u00e9e, un adulte...<\/p><\/div><\/div><\/a>\n    <\/div>\n    <div class=\"eael-timeline-clear\"><\/div>\n<\/article><article class=\"eael-timeline-post\">\n    <div class=\"eael-timeline-bullet\"><\/div>\n    <div class=\"eael-timeline-post-inner\">\n        <a class=\"eael-timeline-post-link\" href=\"https:\/\/avecsoimaime71.com\/site\/quest-ce-quun-parent-aidant-02\/\" title=\"Qu&rsquo;est ce qu&rsquo;un parent aidant 02\">\n            <time datetime=\"23 novembre 2025\">23 novembre 2025<\/time>\n            <div class=\"eael-timeline-post-image\" style=\"background-image: url(https:\/\/avecsoimaime71.com\/site\/wp-content\/uploads\/2025\/11\/accueil-fond-de-page-300x300.jpg)\"><\/div><div class=\"eael-timeline-content\"><div class=\"eael-timeline-post-title\">\n\t\t                    <h2 class=\"eael-timeline-post-title-text\">Qu&rsquo;est ce qu&rsquo;un parent aidant 02<\/h2>\n\t\t                <\/div><div class=\"eael-timeline-post-excerpt\"><p>L\u2019article L113-1-3 du code de l\u2019action sociale et des familles...<\/p><\/div><\/div><\/a>\n    <\/div>\n    <div class=\"eael-timeline-clear\"><\/div>\n<\/article><article class=\"eael-timeline-post\">\n    <div class=\"eael-timeline-bullet\"><\/div>\n    <div class=\"eael-timeline-post-inner\">\n        <a class=\"eael-timeline-post-link\" href=\"https:\/\/avecsoimaime71.com\/site\/quest-ce-quun-parent-aidant-06\/\" title=\"Qu&rsquo;est ce qu&rsquo;un parent aidant 06\">\n            <time datetime=\"23 novembre 2025\">23 novembre 2025<\/time>\n            <div class=\"eael-timeline-post-image\" style=\"background-image: url(https:\/\/avecsoimaime71.com\/site\/wp-content\/uploads\/2025\/11\/accueil-fond-de-page-300x300.jpg)\"><\/div><div class=\"eael-timeline-content\"><div class=\"eael-timeline-post-title\">\n\t\t                    <h2 class=\"eael-timeline-post-title-text\">Qu&rsquo;est ce qu&rsquo;un parent aidant 06<\/h2>\n\t\t                <\/div><div class=\"eael-timeline-post-excerpt\"><p>Ajoutez votre titre ici Lorem ipsum dolor sit amet, consectetur...<\/p><\/div><\/div><\/a>\n    <\/div>\n    <div class=\"eael-timeline-clear\"><\/div>\n<\/article><\/div>\n\t\t<\/div>            <div class=\"eael-load-more-button-wrap eael-force-hide\">\n                <button class=\"eael-load-more-button\" id=\"eael-load-more-btn-765a030\" data-widget-id=\"765a030\" data-widget=\"765a030\" data-page-id=\"878\" data-template=\"{&quot;dir&quot;:&quot;lite&quot;,&quot;file_name&quot;:&quot;card.php&quot;,&quot;name&quot;:&quot;Post-Timeline&quot;}\" data-class=\"Essential_Addons_Elementor\\Elements\\Post_Timeline\" data-layout=\"\" data-page=\"1\" data-args=\"orderby=date&amp;order=desc&amp;ignore_sticky_posts=1&amp;post_status=publish&amp;posts_per_page=8&amp;offset=0&amp;post_type=post\" data-max-page=\"6\">\n                    <span class=\"eael-btn-loader button__loader\"><\/span>\n                    <span class=\"eael_load_more_text\"><\/span>\n                <\/button>\n            <\/div>\n            \t\t\t\t<\/div>\n\t\t\t\t<div class=\"elementor-element elementor-element-ba8dd2f elementor-widget elementor-widget-spacer\" data-id=\"ba8dd2f\" data-element_type=\"widget\" data-e-type=\"widget\" data-widget_type=\"spacer.default\">\n\t\t\t\t\t\t\t<div class=\"elementor-spacer\">\n\t\t\t<div class=\"elementor-spacer-inner\"><\/div>\n\t\t<\/div>\n\t\t\t\t\t\t<\/div>\n\t\t\t\t\t<\/div>\n\t\t\t\t<\/div>\n\t\t<div class=\"elementor-element elementor-element-170a9db e-flex e-con-boxed e-con e-parent\" data-id=\"170a9db\" data-element_type=\"container\" data-e-type=\"container\">\n\t\t\t\t\t<div class=\"e-con-inner\">\n\t\t\t\t<div class=\"elementor-element elementor-element-6f2aa0e elementor-widget elementor-widget-spacer\" data-id=\"6f2aa0e\" data-element_type=\"widget\" data-e-type=\"widget\" data-widget_type=\"spacer.default\">\n\t\t\t\t\t\t\t<div class=\"elementor-spacer\">\n\t\t\t<div class=\"elementor-spacer-inner\"><\/div>\n\t\t<\/div>\n\t\t\t\t\t\t<\/div>\n\t\t\t\t<div class=\"elementor-element elementor-element-d1d412f elementor-widget elementor-widget-heading\" data-id=\"d1d412f\" data-element_type=\"widget\" data-e-type=\"widget\" data-widget_type=\"heading.default\">\n\t\t\t\t\t<h2 class=\"elementor-heading-title elementor-size-default\">Toutes les cat\u00e9gories<br>des articles publi\u00e9s<\/h2>\t\t\t\t<\/div>\n\t\t\t\t<div class=\"elementor-element elementor-element-3ed6658 elementor-widget elementor-widget-spacer\" data-id=\"3ed6658\" data-element_type=\"widget\" data-e-type=\"widget\" data-widget_type=\"spacer.default\">\n\t\t\t\t\t\t\t<div class=\"elementor-spacer\">\n\t\t\t<div class=\"elementor-spacer-inner\"><\/div>\n\t\t<\/div>\n\t\t\t\t\t\t<\/div>\n\t\t\t\t<div class=\"elementor-element elementor-element-d6368b9 elementor-widget elementor-widget-heading\" data-id=\"d6368b9\" data-element_type=\"widget\" data-e-type=\"widget\" data-widget_type=\"heading.default\">\n\t\t\t\t\t<h2 class=\"elementor-heading-title elementor-size-default\">Post list<\/h2>\t\t\t\t<\/div>\n\t\t\t\t<div class=\"elementor-element elementor-element-1694cb5 elementor-widget elementor-widget-elementskit-post-list\" data-id=\"1694cb5\" data-element_type=\"widget\" data-e-type=\"widget\" data-widget_type=\"elementskit-post-list.default\">\n\t\t\t\t<div class=\"elementor-widget-container\">\n\t\t\t\t\t<div class=\"ekit-wid-con\" >\t\t<ul class=\"elementor-icon-list-items ekit-post-list-wrapper \">\n\t\t\t\t\t\t<li class=\"elementor-icon-list-item   \">\n\t\t\t\t<a href=\"https:\/\/avecsoimaime71.com\/site\/journal-saone-et-loire-janvier-2026\/\" >\n\t\t\t\t\t<img loading=\"lazy\" decoding=\"async\" width=\"526\" height=\"124\" src=\"https:\/\/avecsoimaime71.com\/site\/wp-content\/uploads\/2025\/08\/le-journal-de-saone-et-loire-Logo.png\" class=\"attachment-large size-large wp-post-image\" alt=\"\" srcset=\"https:\/\/avecsoimaime71.com\/site\/wp-content\/uploads\/2025\/08\/le-journal-de-saone-et-loire-Logo.png 526w, https:\/\/avecsoimaime71.com\/site\/wp-content\/uploads\/2025\/08\/le-journal-de-saone-et-loire-Logo-300x71.png 300w\" sizes=\"(max-width: 526px) 100vw, 526px\" \/>\t\t\t\t\t<div class=\"ekit_post_list_content_wraper\">\n\t\t\t\t\t\t\t\t\t\t\t\t\t\t\t\t\t\t<div class=\"meta-lists\">\n\t\t\t\t\t\t\t\t\t\t\t\t\t\t<span class=\"meta-date\">\n\n\t\t\t\t\t\t\t\t<i aria-hidden=\"true\" class=\"icon icon-calendar-page-empty\"><\/i>\n\t\t\t\t\t\t\t\t03 Jan 2026\t\t\t\t\t\t\t<\/span>\n\t\t\t\t\t\t\t\n\t\t\t\t\t\t\t\t\t\t\t\t\t<\/div>\n\t\t\t\t\t\t\n\t\t\t\t\t\t<span class=\"elementor-icon-list-text\">Journal Sa\u00f4ne et Loire  Janvier 2026<\/span>\n\n\t\t\t\t\t\t\t\t\t\t\t<\/div>\n\t\t\t\t<\/a>\n\t\t\t<\/li>\n\t\t\t\t\t<li class=\"elementor-icon-list-item   \">\n\t\t\t\t<a href=\"https:\/\/avecsoimaime71.com\/site\/\" >\n\t\t\t\t\t<img loading=\"lazy\" decoding=\"async\" width=\"492\" height=\"583\" src=\"https:\/\/avecsoimaime71.com\/site\/wp-content\/uploads\/2025\/08\/portrait-alex.jpg\" class=\"attachment-large size-large wp-post-image\" alt=\"\" srcset=\"https:\/\/avecsoimaime71.com\/site\/wp-content\/uploads\/2025\/08\/portrait-alex.jpg 492w, https:\/\/avecsoimaime71.com\/site\/wp-content\/uploads\/2025\/08\/portrait-alex-253x300.jpg 253w\" sizes=\"(max-width: 492px) 100vw, 492px\" \/>\t\t\t\t\t<div class=\"ekit_post_list_content_wraper\">\n\t\t\t\t\t\t\t\t\t\t\t\t\t\t\t\t\t\t<div class=\"meta-lists\">\n\t\t\t\t\t\t\t\t\t\t\t\t\t\t<span class=\"meta-date\">\n\n\t\t\t\t\t\t\t\t<i aria-hidden=\"true\" class=\"icon icon-calendar-page-empty\"><\/i>\n\t\t\t\t\t\t\t\t01 D\u00e9c 2025\t\t\t\t\t\t\t<\/span>\n\t\t\t\t\t\t\t\n\t\t\t\t\t\t\t\t\t\t\t\t\t<\/div>\n\t\t\t\t\t\t\n\t\t\t\t\t\t<span class=\"elementor-icon-list-text\">Alexandre<\/span>\n\n\t\t\t\t\t\t\t\t\t\t\t<\/div>\n\t\t\t\t<\/a>\n\t\t\t<\/li>\n\t\t\t\t\t<li class=\"elementor-icon-list-item   \">\n\t\t\t\t<a href=\"https:\/\/avecsoimaime71.com\/site\/\" >\n\t\t\t\t\t<img loading=\"lazy\" decoding=\"async\" width=\"681\" height=\"1024\" src=\"https:\/\/avecsoimaime71.com\/site\/wp-content\/uploads\/2025\/11\/audrey-massage-hamma-assis-scaled-1-681x1024.jpg\" class=\"attachment-large size-large wp-post-image\" alt=\"\" srcset=\"https:\/\/avecsoimaime71.com\/site\/wp-content\/uploads\/2025\/11\/audrey-massage-hamma-assis-scaled-1-681x1024.jpg 681w, https:\/\/avecsoimaime71.com\/site\/wp-content\/uploads\/2025\/11\/audrey-massage-hamma-assis-scaled-1-200x300.jpg 200w, https:\/\/avecsoimaime71.com\/site\/wp-content\/uploads\/2025\/11\/audrey-massage-hamma-assis-scaled-1-768x1154.jpg 768w, https:\/\/avecsoimaime71.com\/site\/wp-content\/uploads\/2025\/11\/audrey-massage-hamma-assis-scaled-1-1022x1536.jpg 1022w, https:\/\/avecsoimaime71.com\/site\/wp-content\/uploads\/2025\/11\/audrey-massage-hamma-assis-scaled-1-1362x2048.jpg 1362w, https:\/\/avecsoimaime71.com\/site\/wp-content\/uploads\/2025\/11\/audrey-massage-hamma-assis-scaled-1.jpg 1703w\" sizes=\"(max-width: 681px) 100vw, 681px\" \/>\t\t\t\t\t<div class=\"ekit_post_list_content_wraper\">\n\t\t\t\t\t\t\t\t\t\t\t\t\t\t\t\t\t\t<div class=\"meta-lists\">\n\t\t\t\t\t\t\t\t\t\t\t\t\t\t<span class=\"meta-date\">\n\n\t\t\t\t\t\t\t\t<i aria-hidden=\"true\" class=\"icon icon-calendar-page-empty\"><\/i>\n\t\t\t\t\t\t\t\t01 D\u00e9c 2025\t\t\t\t\t\t\t<\/span>\n\t\t\t\t\t\t\t\n\t\t\t\t\t\t\t\t\t\t\t\t\t<\/div>\n\t\t\t\t\t\t\n\t\t\t\t\t\t<span class=\"elementor-icon-list-text\">Audrey<\/span>\n\n\t\t\t\t\t\t\t\t\t\t\t<\/div>\n\t\t\t\t<\/a>\n\t\t\t<\/li>\n\t\t\t\t\t<li class=\"elementor-icon-list-item   \">\n\t\t\t\t<a href=\"https:\/\/avecsoimaime71.com\/site\/journal-saone-et-loire-decembre-2025\/\" >\n\t\t\t\t\t<img loading=\"lazy\" decoding=\"async\" width=\"526\" height=\"124\" src=\"https:\/\/avecsoimaime71.com\/site\/wp-content\/uploads\/2025\/08\/le-journal-de-saone-et-loire-Logo.png\" class=\"attachment-large size-large wp-post-image\" alt=\"\" srcset=\"https:\/\/avecsoimaime71.com\/site\/wp-content\/uploads\/2025\/08\/le-journal-de-saone-et-loire-Logo.png 526w, https:\/\/avecsoimaime71.com\/site\/wp-content\/uploads\/2025\/08\/le-journal-de-saone-et-loire-Logo-300x71.png 300w\" sizes=\"(max-width: 526px) 100vw, 526px\" \/>\t\t\t\t\t<div class=\"ekit_post_list_content_wraper\">\n\t\t\t\t\t\t\t\t\t\t\t\t\t\t\t\t\t\t<div class=\"meta-lists\">\n\t\t\t\t\t\t\t\t\t\t\t\t\t\t<span class=\"meta-date\">\n\n\t\t\t\t\t\t\t\t<i aria-hidden=\"true\" class=\"icon icon-calendar-page-empty\"><\/i>\n\t\t\t\t\t\t\t\t01 D\u00e9c 2025\t\t\t\t\t\t\t<\/span>\n\t\t\t\t\t\t\t\n\t\t\t\t\t\t\t\t\t\t\t\t\t<\/div>\n\t\t\t\t\t\t\n\t\t\t\t\t\t<span class=\"elementor-icon-list-text\">Journal Sa\u00f4ne et Loire D\u00e9cembre 2025<\/span>\n\n\t\t\t\t\t\t\t\t\t\t\t<\/div>\n\t\t\t\t<\/a>\n\t\t\t<\/li>\n\t\t\t\t\t<li class=\"elementor-icon-list-item   \">\n\t\t\t\t<a href=\"https:\/\/avecsoimaime71.com\/site\/bonjour-tout-le-monde\/\" >\n\t\t\t\t\t\t\t\t\t\t<div class=\"ekit_post_list_content_wraper\">\n\t\t\t\t\t\t\t\t\t\t\t\t\t\t\t\t\t\t<div class=\"meta-lists\">\n\t\t\t\t\t\t\t\t\t\t\t\t\t\t<span class=\"meta-date\">\n\n\t\t\t\t\t\t\t\t<i aria-hidden=\"true\" class=\"icon icon-calendar-page-empty\"><\/i>\n\t\t\t\t\t\t\t\t29 Nov 2025\t\t\t\t\t\t\t<\/span>\n\t\t\t\t\t\t\t\n\t\t\t\t\t\t\t\t\t\t\t\t\t<\/div>\n\t\t\t\t\t\t\n\t\t\t\t\t\t<span class=\"elementor-icon-list-text\">Bonjour tout le monde\u00a0!<\/span>\n\n\t\t\t\t\t\t\t\t\t\t\t<\/div>\n\t\t\t\t<\/a>\n\t\t\t<\/li>\n\t\t\t\t\t<li class=\"elementor-icon-list-item   \">\n\t\t\t\t<a href=\"https:\/\/avecsoimaime71.com\/site\/quest-ce-quun-parent-aidant-01\/\" >\n\t\t\t\t\t<img loading=\"lazy\" decoding=\"async\" width=\"395\" height=\"395\" src=\"https:\/\/avecsoimaime71.com\/site\/wp-content\/uploads\/2025\/11\/accueil-fond-de-page.jpg\" class=\"attachment-large size-large wp-post-image\" alt=\"\" srcset=\"https:\/\/avecsoimaime71.com\/site\/wp-content\/uploads\/2025\/11\/accueil-fond-de-page.jpg 395w, https:\/\/avecsoimaime71.com\/site\/wp-content\/uploads\/2025\/11\/accueil-fond-de-page-300x300.jpg 300w, https:\/\/avecsoimaime71.com\/site\/wp-content\/uploads\/2025\/11\/accueil-fond-de-page-150x150.jpg 150w\" sizes=\"(max-width: 395px) 100vw, 395px\" \/>\t\t\t\t\t<div class=\"ekit_post_list_content_wraper\">\n\t\t\t\t\t\t\t\t\t\t\t\t\t\t\t\t\t\t<div class=\"meta-lists\">\n\t\t\t\t\t\t\t\t\t\t\t\t\t\t<span class=\"meta-date\">\n\n\t\t\t\t\t\t\t\t<i aria-hidden=\"true\" class=\"icon icon-calendar-page-empty\"><\/i>\n\t\t\t\t\t\t\t\t23 Nov 2025\t\t\t\t\t\t\t<\/span>\n\t\t\t\t\t\t\t\n\t\t\t\t\t\t\t\t\t\t\t\t\t<\/div>\n\t\t\t\t\t\t\n\t\t\t\t\t\t<span class=\"elementor-icon-list-text\">Qu&#039;est ce qu&#039;un parent aidant 01<\/span>\n\n\t\t\t\t\t\t\t\t\t\t\t<\/div>\n\t\t\t\t<\/a>\n\t\t\t<\/li>\n\t\t\t\t\t<li class=\"elementor-icon-list-item   \">\n\t\t\t\t<a href=\"https:\/\/avecsoimaime71.com\/site\/quest-ce-quun-parent-aidant-02\/\" >\n\t\t\t\t\t<img loading=\"lazy\" decoding=\"async\" width=\"395\" height=\"395\" src=\"https:\/\/avecsoimaime71.com\/site\/wp-content\/uploads\/2025\/11\/accueil-fond-de-page.jpg\" class=\"attachment-large size-large wp-post-image\" alt=\"\" srcset=\"https:\/\/avecsoimaime71.com\/site\/wp-content\/uploads\/2025\/11\/accueil-fond-de-page.jpg 395w, https:\/\/avecsoimaime71.com\/site\/wp-content\/uploads\/2025\/11\/accueil-fond-de-page-300x300.jpg 300w, https:\/\/avecsoimaime71.com\/site\/wp-content\/uploads\/2025\/11\/accueil-fond-de-page-150x150.jpg 150w\" sizes=\"(max-width: 395px) 100vw, 395px\" \/>\t\t\t\t\t<div class=\"ekit_post_list_content_wraper\">\n\t\t\t\t\t\t\t\t\t\t\t\t\t\t\t\t\t\t<div class=\"meta-lists\">\n\t\t\t\t\t\t\t\t\t\t\t\t\t\t<span class=\"meta-date\">\n\n\t\t\t\t\t\t\t\t<i aria-hidden=\"true\" class=\"icon icon-calendar-page-empty\"><\/i>\n\t\t\t\t\t\t\t\t23 Nov 2025\t\t\t\t\t\t\t<\/span>\n\t\t\t\t\t\t\t\n\t\t\t\t\t\t\t\t\t\t\t\t\t<\/div>\n\t\t\t\t\t\t\n\t\t\t\t\t\t<span class=\"elementor-icon-list-text\">Qu&#039;est ce qu&#039;un parent aidant 02<\/span>\n\n\t\t\t\t\t\t\t\t\t\t\t<\/div>\n\t\t\t\t<\/a>\n\t\t\t<\/li>\n\t\t\t\t\t<li class=\"elementor-icon-list-item   \">\n\t\t\t\t<a href=\"https:\/\/avecsoimaime71.com\/site\/quest-ce-quun-parent-aidant-06\/\" >\n\t\t\t\t\t<img loading=\"lazy\" decoding=\"async\" width=\"395\" height=\"395\" src=\"https:\/\/avecsoimaime71.com\/site\/wp-content\/uploads\/2025\/11\/accueil-fond-de-page.jpg\" class=\"attachment-large size-large wp-post-image\" alt=\"\" srcset=\"https:\/\/avecsoimaime71.com\/site\/wp-content\/uploads\/2025\/11\/accueil-fond-de-page.jpg 395w, https:\/\/avecsoimaime71.com\/site\/wp-content\/uploads\/2025\/11\/accueil-fond-de-page-300x300.jpg 300w, https:\/\/avecsoimaime71.com\/site\/wp-content\/uploads\/2025\/11\/accueil-fond-de-page-150x150.jpg 150w\" sizes=\"(max-width: 395px) 100vw, 395px\" \/>\t\t\t\t\t<div class=\"ekit_post_list_content_wraper\">\n\t\t\t\t\t\t\t\t\t\t\t\t\t\t\t\t\t\t<div class=\"meta-lists\">\n\t\t\t\t\t\t\t\t\t\t\t\t\t\t<span class=\"meta-date\">\n\n\t\t\t\t\t\t\t\t<i aria-hidden=\"true\" class=\"icon icon-calendar-page-empty\"><\/i>\n\t\t\t\t\t\t\t\t23 Nov 2025\t\t\t\t\t\t\t<\/span>\n\t\t\t\t\t\t\t\n\t\t\t\t\t\t\t\t\t\t\t\t\t<\/div>\n\t\t\t\t\t\t\n\t\t\t\t\t\t<span class=\"elementor-icon-list-text\">Qu&#039;est ce qu&#039;un parent aidant 06<\/span>\n\n\t\t\t\t\t\t\t\t\t\t\t<\/div>\n\t\t\t\t<\/a>\n\t\t\t<\/li>\n\t\t\t\t\t<li class=\"elementor-icon-list-item   \">\n\t\t\t\t<a href=\"https:\/\/avecsoimaime71.com\/site\/quest-ce-quun-parent-aidant-05\/\" >\n\t\t\t\t\t<img loading=\"lazy\" decoding=\"async\" width=\"395\" height=\"395\" src=\"https:\/\/avecsoimaime71.com\/site\/wp-content\/uploads\/2025\/11\/accueil-fond-de-page.jpg\" class=\"attachment-large size-large wp-post-image\" alt=\"\" srcset=\"https:\/\/avecsoimaime71.com\/site\/wp-content\/uploads\/2025\/11\/accueil-fond-de-page.jpg 395w, https:\/\/avecsoimaime71.com\/site\/wp-content\/uploads\/2025\/11\/accueil-fond-de-page-300x300.jpg 300w, https:\/\/avecsoimaime71.com\/site\/wp-content\/uploads\/2025\/11\/accueil-fond-de-page-150x150.jpg 150w\" sizes=\"(max-width: 395px) 100vw, 395px\" \/>\t\t\t\t\t<div class=\"ekit_post_list_content_wraper\">\n\t\t\t\t\t\t\t\t\t\t\t\t\t\t\t\t\t\t<div class=\"meta-lists\">\n\t\t\t\t\t\t\t\t\t\t\t\t\t\t<span class=\"meta-date\">\n\n\t\t\t\t\t\t\t\t<i aria-hidden=\"true\" class=\"icon icon-calendar-page-empty\"><\/i>\n\t\t\t\t\t\t\t\t23 Nov 2025\t\t\t\t\t\t\t<\/span>\n\t\t\t\t\t\t\t\n\t\t\t\t\t\t\t\t\t\t\t\t\t<\/div>\n\t\t\t\t\t\t\n\t\t\t\t\t\t<span class=\"elementor-icon-list-text\">Qu&#039;est ce qu&#039;un parent aidant 05<\/span>\n\n\t\t\t\t\t\t\t\t\t\t\t<\/div>\n\t\t\t\t<\/a>\n\t\t\t<\/li>\n\t\t\t\t\t<li class=\"elementor-icon-list-item   \">\n\t\t\t\t<a href=\"https:\/\/avecsoimaime71.com\/site\/quest-ce-quun-parent-aidant-04\/\" >\n\t\t\t\t\t<img loading=\"lazy\" decoding=\"async\" width=\"395\" height=\"395\" src=\"https:\/\/avecsoimaime71.com\/site\/wp-content\/uploads\/2025\/11\/accueil-fond-de-page.jpg\" class=\"attachment-large size-large wp-post-image\" alt=\"\" srcset=\"https:\/\/avecsoimaime71.com\/site\/wp-content\/uploads\/2025\/11\/accueil-fond-de-page.jpg 395w, https:\/\/avecsoimaime71.com\/site\/wp-content\/uploads\/2025\/11\/accueil-fond-de-page-300x300.jpg 300w, https:\/\/avecsoimaime71.com\/site\/wp-content\/uploads\/2025\/11\/accueil-fond-de-page-150x150.jpg 150w\" sizes=\"(max-width: 395px) 100vw, 395px\" \/>\t\t\t\t\t<div class=\"ekit_post_list_content_wraper\">\n\t\t\t\t\t\t\t\t\t\t\t\t\t\t\t\t\t\t<div class=\"meta-lists\">\n\t\t\t\t\t\t\t\t\t\t\t\t\t\t<span class=\"meta-date\">\n\n\t\t\t\t\t\t\t\t<i aria-hidden=\"true\" class=\"icon icon-calendar-page-empty\"><\/i>\n\t\t\t\t\t\t\t\t23 Nov 2025\t\t\t\t\t\t\t<\/span>\n\t\t\t\t\t\t\t\n\t\t\t\t\t\t\t\t\t\t\t\t\t<\/div>\n\t\t\t\t\t\t\n\t\t\t\t\t\t<span class=\"elementor-icon-list-text\">Qu&#039;est ce qu&#039;un parent aidant 04<\/span>\n\n\t\t\t\t\t\t\t\t\t\t\t<\/div>\n\t\t\t\t<\/a>\n\t\t\t<\/li>\n\t\t\t\t\t<li class=\"elementor-icon-list-item   \">\n\t\t\t\t<a href=\"https:\/\/avecsoimaime71.com\/site\/quest-ce-quun-parent-aidant-03\/\" >\n\t\t\t\t\t<img loading=\"lazy\" decoding=\"async\" width=\"395\" height=\"395\" src=\"https:\/\/avecsoimaime71.com\/site\/wp-content\/uploads\/2025\/11\/accueil-fond-de-page.jpg\" class=\"attachment-large size-large wp-post-image\" alt=\"\" srcset=\"https:\/\/avecsoimaime71.com\/site\/wp-content\/uploads\/2025\/11\/accueil-fond-de-page.jpg 395w, https:\/\/avecsoimaime71.com\/site\/wp-content\/uploads\/2025\/11\/accueil-fond-de-page-300x300.jpg 300w, https:\/\/avecsoimaime71.com\/site\/wp-content\/uploads\/2025\/11\/accueil-fond-de-page-150x150.jpg 150w\" sizes=\"(max-width: 395px) 100vw, 395px\" \/>\t\t\t\t\t<div class=\"ekit_post_list_content_wraper\">\n\t\t\t\t\t\t\t\t\t\t\t\t\t\t\t\t\t\t<div class=\"meta-lists\">\n\t\t\t\t\t\t\t\t\t\t\t\t\t\t<span class=\"meta-date\">\n\n\t\t\t\t\t\t\t\t<i aria-hidden=\"true\" class=\"icon icon-calendar-page-empty\"><\/i>\n\t\t\t\t\t\t\t\t23 Nov 2025\t\t\t\t\t\t\t<\/span>\n\t\t\t\t\t\t\t\n\t\t\t\t\t\t\t\t\t\t\t\t\t<\/div>\n\t\t\t\t\t\t\n\t\t\t\t\t\t<span class=\"elementor-icon-list-text\">Qu&#039;est ce qu&#039;un parent aidant 03<\/span>\n\n\t\t\t\t\t\t\t\t\t\t\t<\/div>\n\t\t\t\t<\/a>\n\t\t\t<\/li>\n\t\t\t\t\t<li class=\"elementor-icon-list-item   \">\n\t\t\t\t<a href=\"https:\/\/avecsoimaime71.com\/site\/nora-2\/\" >\n\t\t\t\t\t<img loading=\"lazy\" decoding=\"async\" width=\"487\" height=\"487\" src=\"https:\/\/avecsoimaime71.com\/site\/wp-content\/uploads\/2025\/08\/nora.jpg\" class=\"attachment-large size-large wp-post-image\" alt=\"\" srcset=\"https:\/\/avecsoimaime71.com\/site\/wp-content\/uploads\/2025\/08\/nora.jpg 487w, https:\/\/avecsoimaime71.com\/site\/wp-content\/uploads\/2025\/08\/nora-300x300.jpg 300w, https:\/\/avecsoimaime71.com\/site\/wp-content\/uploads\/2025\/08\/nora-150x150.jpg 150w\" sizes=\"(max-width: 487px) 100vw, 487px\" \/>\t\t\t\t\t<div class=\"ekit_post_list_content_wraper\">\n\t\t\t\t\t\t\t\t\t\t\t\t\t\t\t\t\t\t<div class=\"meta-lists\">\n\t\t\t\t\t\t\t\t\t\t\t\t\t\t<span class=\"meta-date\">\n\n\t\t\t\t\t\t\t\t<i aria-hidden=\"true\" class=\"icon icon-calendar-page-empty\"><\/i>\n\t\t\t\t\t\t\t\t18 Nov 2025\t\t\t\t\t\t\t<\/span>\n\t\t\t\t\t\t\t\n\t\t\t\t\t\t\t\t\t\t\t\t\t<\/div>\n\t\t\t\t\t\t\n\t\t\t\t\t\t<span class=\"elementor-icon-list-text\">Nora<\/span>\n\n\t\t\t\t\t\t\t\t\t\t\t<\/div>\n\t\t\t\t<\/a>\n\t\t\t<\/li>\n\t\t\t\t\t<li class=\"elementor-icon-list-item   \">\n\t\t\t\t<a href=\"https:\/\/avecsoimaime71.com\/site\/delphine-2\/\" >\n\t\t\t\t\t<img loading=\"lazy\" decoding=\"async\" width=\"978\" height=\"978\" src=\"https:\/\/avecsoimaime71.com\/site\/wp-content\/uploads\/2025\/08\/Delphine-animatrice-groupe-de-parole.png\" class=\"attachment-large size-large wp-post-image\" alt=\"\" srcset=\"https:\/\/avecsoimaime71.com\/site\/wp-content\/uploads\/2025\/08\/Delphine-animatrice-groupe-de-parole.png 978w, https:\/\/avecsoimaime71.com\/site\/wp-content\/uploads\/2025\/08\/Delphine-animatrice-groupe-de-parole-300x300.png 300w, https:\/\/avecsoimaime71.com\/site\/wp-content\/uploads\/2025\/08\/Delphine-animatrice-groupe-de-parole-150x150.png 150w, https:\/\/avecsoimaime71.com\/site\/wp-content\/uploads\/2025\/08\/Delphine-animatrice-groupe-de-parole-768x768.png 768w\" sizes=\"(max-width: 978px) 100vw, 978px\" \/>\t\t\t\t\t<div class=\"ekit_post_list_content_wraper\">\n\t\t\t\t\t\t\t\t\t\t\t\t\t\t\t\t\t\t<div class=\"meta-lists\">\n\t\t\t\t\t\t\t\t\t\t\t\t\t\t<span class=\"meta-date\">\n\n\t\t\t\t\t\t\t\t<i aria-hidden=\"true\" class=\"icon icon-calendar-page-empty\"><\/i>\n\t\t\t\t\t\t\t\t18 Nov 2025\t\t\t\t\t\t\t<\/span>\n\t\t\t\t\t\t\t\n\t\t\t\t\t\t\t\t\t\t\t\t\t<\/div>\n\t\t\t\t\t\t\n\t\t\t\t\t\t<span class=\"elementor-icon-list-text\">Delphine<\/span>\n\n\t\t\t\t\t\t\t\t\t\t\t<\/div>\n\t\t\t\t<\/a>\n\t\t\t<\/li>\n\t\t\t\t\t<li class=\"elementor-icon-list-item   \">\n\t\t\t\t<a href=\"https:\/\/avecsoimaime71.com\/site\/charge-invisible\/\" >\n\t\t\t\t\t<img loading=\"lazy\" decoding=\"async\" width=\"488\" height=\"466\" src=\"https:\/\/avecsoimaime71.com\/site\/wp-content\/uploads\/2025\/11\/page-accueil-sensibiliser-charge-invisible.jpg\" class=\"attachment-large size-large wp-post-image\" alt=\"\" srcset=\"https:\/\/avecsoimaime71.com\/site\/wp-content\/uploads\/2025\/11\/page-accueil-sensibiliser-charge-invisible.jpg 488w, https:\/\/avecsoimaime71.com\/site\/wp-content\/uploads\/2025\/11\/page-accueil-sensibiliser-charge-invisible-300x286.jpg 300w\" sizes=\"(max-width: 488px) 100vw, 488px\" \/>\t\t\t\t\t<div class=\"ekit_post_list_content_wraper\">\n\t\t\t\t\t\t\t\t\t\t\t\t\t\t\t\t\t\t<div class=\"meta-lists\">\n\t\t\t\t\t\t\t\t\t\t\t\t\t\t<span class=\"meta-date\">\n\n\t\t\t\t\t\t\t\t<i aria-hidden=\"true\" class=\"icon icon-calendar-page-empty\"><\/i>\n\t\t\t\t\t\t\t\t18 Nov 2025\t\t\t\t\t\t\t<\/span>\n\t\t\t\t\t\t\t\n\t\t\t\t\t\t\t\t\t\t\t\t\t<\/div>\n\t\t\t\t\t\t\n\t\t\t\t\t\t<span class=\"elementor-icon-list-text\">Charge invisible<\/span>\n\n\t\t\t\t\t\t\t\t\t\t\t<\/div>\n\t\t\t\t<\/a>\n\t\t\t<\/li>\n\t\t\t\t\t<li class=\"elementor-icon-list-item   \">\n\t\t\t\t<a href=\"https:\/\/avecsoimaime71.com\/site\/droit-au-repit\/\" >\n\t\t\t\t\t<img loading=\"lazy\" decoding=\"async\" width=\"703\" height=\"467\" src=\"https:\/\/avecsoimaime71.com\/site\/wp-content\/uploads\/2025\/11\/page-accueil-sensibiliser-droit-au-repit.jpg\" class=\"attachment-large size-large wp-post-image\" alt=\"\" srcset=\"https:\/\/avecsoimaime71.com\/site\/wp-content\/uploads\/2025\/11\/page-accueil-sensibiliser-droit-au-repit.jpg 703w, https:\/\/avecsoimaime71.com\/site\/wp-content\/uploads\/2025\/11\/page-accueil-sensibiliser-droit-au-repit-300x199.jpg 300w\" sizes=\"(max-width: 703px) 100vw, 703px\" \/>\t\t\t\t\t<div class=\"ekit_post_list_content_wraper\">\n\t\t\t\t\t\t\t\t\t\t\t\t\t\t\t\t\t\t<div class=\"meta-lists\">\n\t\t\t\t\t\t\t\t\t\t\t\t\t\t<span class=\"meta-date\">\n\n\t\t\t\t\t\t\t\t<i aria-hidden=\"true\" class=\"icon icon-calendar-page-empty\"><\/i>\n\t\t\t\t\t\t\t\t18 Nov 2025\t\t\t\t\t\t\t<\/span>\n\t\t\t\t\t\t\t\n\t\t\t\t\t\t\t\t\t\t\t\t\t<\/div>\n\t\t\t\t\t\t\n\t\t\t\t\t\t<span class=\"elementor-icon-list-text\">Droit au r\u00e9pit<\/span>\n\n\t\t\t\t\t\t\t\t\t\t\t<\/div>\n\t\t\t\t<\/a>\n\t\t\t<\/li>\n\t\t\t\t\t<li class=\"elementor-icon-list-item   \">\n\t\t\t\t<a href=\"https:\/\/avecsoimaime71.com\/site\/la-voix-des-parents-aidants\/\" >\n\t\t\t\t\t<img loading=\"lazy\" decoding=\"async\" width=\"706\" height=\"467\" src=\"https:\/\/avecsoimaime71.com\/site\/wp-content\/uploads\/2025\/11\/page-accueil-sensibiliser-voix-des-aidants.jpg\" class=\"attachment-large size-large wp-post-image\" alt=\"\" srcset=\"https:\/\/avecsoimaime71.com\/site\/wp-content\/uploads\/2025\/11\/page-accueil-sensibiliser-voix-des-aidants.jpg 706w, https:\/\/avecsoimaime71.com\/site\/wp-content\/uploads\/2025\/11\/page-accueil-sensibiliser-voix-des-aidants-300x198.jpg 300w\" sizes=\"(max-width: 706px) 100vw, 706px\" \/>\t\t\t\t\t<div class=\"ekit_post_list_content_wraper\">\n\t\t\t\t\t\t\t\t\t\t\t\t\t\t\t\t\t\t<div class=\"meta-lists\">\n\t\t\t\t\t\t\t\t\t\t\t\t\t\t<span class=\"meta-date\">\n\n\t\t\t\t\t\t\t\t<i aria-hidden=\"true\" class=\"icon icon-calendar-page-empty\"><\/i>\n\t\t\t\t\t\t\t\t18 Nov 2025\t\t\t\t\t\t\t<\/span>\n\t\t\t\t\t\t\t\n\t\t\t\t\t\t\t\t\t\t\t\t\t<\/div>\n\t\t\t\t\t\t\n\t\t\t\t\t\t<span class=\"elementor-icon-list-text\">La voix des parents aidants<\/span>\n\n\t\t\t\t\t\t\t\t\t\t\t<\/div>\n\t\t\t\t<\/a>\n\t\t\t<\/li>\n\t\t\t\t\t<li class=\"elementor-icon-list-item   \">\n\t\t\t\t<a href=\"https:\/\/avecsoimaime71.com\/site\/ateliers-bien-etre\/\" >\n\t\t\t\t\t<img loading=\"lazy\" decoding=\"async\" width=\"702\" height=\"463\" src=\"https:\/\/avecsoimaime71.com\/site\/wp-content\/uploads\/2025\/11\/page-accueil-soutenir-atelier.3.png\" class=\"attachment-large size-large wp-post-image\" alt=\"\" srcset=\"https:\/\/avecsoimaime71.com\/site\/wp-content\/uploads\/2025\/11\/page-accueil-soutenir-atelier.3.png 702w, https:\/\/avecsoimaime71.com\/site\/wp-content\/uploads\/2025\/11\/page-accueil-soutenir-atelier.3-300x198.png 300w\" sizes=\"(max-width: 702px) 100vw, 702px\" \/>\t\t\t\t\t<div class=\"ekit_post_list_content_wraper\">\n\t\t\t\t\t\t\t\t\t\t\t\t\t\t\t\t\t\t<div class=\"meta-lists\">\n\t\t\t\t\t\t\t\t\t\t\t\t\t\t<span class=\"meta-date\">\n\n\t\t\t\t\t\t\t\t<i aria-hidden=\"true\" class=\"icon icon-calendar-page-empty\"><\/i>\n\t\t\t\t\t\t\t\t18 Nov 2025\t\t\t\t\t\t\t<\/span>\n\t\t\t\t\t\t\t\n\t\t\t\t\t\t\t\t\t\t\t\t\t<\/div>\n\t\t\t\t\t\t\n\t\t\t\t\t\t<span class=\"elementor-icon-list-text\">Ateliers bien -\u00eatre<\/span>\n\n\t\t\t\t\t\t\t\t\t\t\t<\/div>\n\t\t\t\t<\/a>\n\t\t\t<\/li>\n\t\t\t\t\t<li class=\"elementor-icon-list-item   \">\n\t\t\t\t<a href=\"https:\/\/avecsoimaime71.com\/site\/adresses-utiles\/\" >\n\t\t\t\t\t<img loading=\"lazy\" decoding=\"async\" width=\"466\" height=\"465\" src=\"https:\/\/avecsoimaime71.com\/site\/wp-content\/uploads\/2025\/11\/page-accueil-informer-adresses-utiles-2.png\" class=\"attachment-large size-large wp-post-image\" alt=\"\" srcset=\"https:\/\/avecsoimaime71.com\/site\/wp-content\/uploads\/2025\/11\/page-accueil-informer-adresses-utiles-2.png 466w, https:\/\/avecsoimaime71.com\/site\/wp-content\/uploads\/2025\/11\/page-accueil-informer-adresses-utiles-2-300x300.png 300w, https:\/\/avecsoimaime71.com\/site\/wp-content\/uploads\/2025\/11\/page-accueil-informer-adresses-utiles-2-150x150.png 150w\" sizes=\"(max-width: 466px) 100vw, 466px\" \/>\t\t\t\t\t<div class=\"ekit_post_list_content_wraper\">\n\t\t\t\t\t\t\t\t\t\t\t\t\t\t\t\t\t\t<div class=\"meta-lists\">\n\t\t\t\t\t\t\t\t\t\t\t\t\t\t<span class=\"meta-date\">\n\n\t\t\t\t\t\t\t\t<i aria-hidden=\"true\" class=\"icon icon-calendar-page-empty\"><\/i>\n\t\t\t\t\t\t\t\t18 Nov 2025\t\t\t\t\t\t\t<\/span>\n\t\t\t\t\t\t\t\n\t\t\t\t\t\t\t\t\t\t\t\t\t<\/div>\n\t\t\t\t\t\t\n\t\t\t\t\t\t<span class=\"elementor-icon-list-text\">Adresses utiles<\/span>\n\n\t\t\t\t\t\t\t\t\t\t\t<\/div>\n\t\t\t\t<\/a>\n\t\t\t<\/li>\n\t\t\t\t\t<li class=\"elementor-icon-list-item   \">\n\t\t\t\t<a href=\"https:\/\/avecsoimaime71.com\/site\/veille\/\" >\n\t\t\t\t\t<img loading=\"lazy\" decoding=\"async\" width=\"706\" height=\"470\" src=\"https:\/\/avecsoimaime71.com\/site\/wp-content\/uploads\/2025\/11\/page-accueil-informer-veille.png\" class=\"attachment-large size-large wp-post-image\" alt=\"\" srcset=\"https:\/\/avecsoimaime71.com\/site\/wp-content\/uploads\/2025\/11\/page-accueil-informer-veille.png 706w, https:\/\/avecsoimaime71.com\/site\/wp-content\/uploads\/2025\/11\/page-accueil-informer-veille-300x200.png 300w\" sizes=\"(max-width: 706px) 100vw, 706px\" \/>\t\t\t\t\t<div class=\"ekit_post_list_content_wraper\">\n\t\t\t\t\t\t\t\t\t\t\t\t\t\t\t\t\t\t<div class=\"meta-lists\">\n\t\t\t\t\t\t\t\t\t\t\t\t\t\t<span class=\"meta-date\">\n\n\t\t\t\t\t\t\t\t<i aria-hidden=\"true\" class=\"icon icon-calendar-page-empty\"><\/i>\n\t\t\t\t\t\t\t\t18 Nov 2025\t\t\t\t\t\t\t<\/span>\n\t\t\t\t\t\t\t\n\t\t\t\t\t\t\t\t\t\t\t\t\t<\/div>\n\t\t\t\t\t\t\n\t\t\t\t\t\t<span class=\"elementor-icon-list-text\">Veille<\/span>\n\n\t\t\t\t\t\t\t\t\t\t\t<\/div>\n\t\t\t\t<\/a>\n\t\t\t<\/li>\n\t\t\t\t\t<li class=\"elementor-icon-list-item   \">\n\t\t\t\t<a href=\"https:\/\/avecsoimaime71.com\/site\/formations-aidants\/\" >\n\t\t\t\t\t<img loading=\"lazy\" decoding=\"async\" width=\"705\" height=\"470\" src=\"https:\/\/avecsoimaime71.com\/site\/wp-content\/uploads\/2025\/11\/page-accueil-informer-formation-aidants.png\" class=\"attachment-large size-large wp-post-image\" alt=\"\" srcset=\"https:\/\/avecsoimaime71.com\/site\/wp-content\/uploads\/2025\/11\/page-accueil-informer-formation-aidants.png 705w, https:\/\/avecsoimaime71.com\/site\/wp-content\/uploads\/2025\/11\/page-accueil-informer-formation-aidants-300x200.png 300w\" sizes=\"(max-width: 705px) 100vw, 705px\" \/>\t\t\t\t\t<div class=\"ekit_post_list_content_wraper\">\n\t\t\t\t\t\t\t\t\t\t\t\t\t\t\t\t\t\t<div class=\"meta-lists\">\n\t\t\t\t\t\t\t\t\t\t\t\t\t\t<span class=\"meta-date\">\n\n\t\t\t\t\t\t\t\t<i aria-hidden=\"true\" class=\"icon icon-calendar-page-empty\"><\/i>\n\t\t\t\t\t\t\t\t15 Nov 2025\t\t\t\t\t\t\t<\/span>\n\t\t\t\t\t\t\t\n\t\t\t\t\t\t\t\t\t\t\t\t\t<\/div>\n\t\t\t\t\t\t\n\t\t\t\t\t\t<span class=\"elementor-icon-list-text\">Formations aidants<\/span>\n\n\t\t\t\t\t\t\t\t\t\t\t<\/div>\n\t\t\t\t<\/a>\n\t\t\t<\/li>\n\t\t\t\t\t<li class=\"elementor-icon-list-item   \">\n\t\t\t\t<a href=\"https:\/\/avecsoimaime71.com\/site\/accompagnement-administratif\/\" >\n\t\t\t\t\t<img loading=\"lazy\" decoding=\"async\" width=\"710\" height=\"467\" src=\"https:\/\/avecsoimaime71.com\/site\/wp-content\/uploads\/2025\/11\/page-accueil-soutenir-accompagnement-administratif.png\" class=\"attachment-large size-large wp-post-image\" alt=\"\" srcset=\"https:\/\/avecsoimaime71.com\/site\/wp-content\/uploads\/2025\/11\/page-accueil-soutenir-accompagnement-administratif.png 710w, https:\/\/avecsoimaime71.com\/site\/wp-content\/uploads\/2025\/11\/page-accueil-soutenir-accompagnement-administratif-300x197.png 300w\" sizes=\"(max-width: 710px) 100vw, 710px\" \/>\t\t\t\t\t<div class=\"ekit_post_list_content_wraper\">\n\t\t\t\t\t\t\t\t\t\t\t\t\t\t\t\t\t\t<div class=\"meta-lists\">\n\t\t\t\t\t\t\t\t\t\t\t\t\t\t<span class=\"meta-date\">\n\n\t\t\t\t\t\t\t\t<i aria-hidden=\"true\" class=\"icon icon-calendar-page-empty\"><\/i>\n\t\t\t\t\t\t\t\t15 Nov 2025\t\t\t\t\t\t\t<\/span>\n\t\t\t\t\t\t\t\n\t\t\t\t\t\t\t\t\t\t\t\t\t<\/div>\n\t\t\t\t\t\t\n\t\t\t\t\t\t<span class=\"elementor-icon-list-text\">Accompagnement administratif<\/span>\n\n\t\t\t\t\t\t\t\t\t\t\t<\/div>\n\t\t\t\t<\/a>\n\t\t\t<\/li>\n\t\t\t\t\t<li class=\"elementor-icon-list-item   \">\n\t\t\t\t<a href=\"https:\/\/avecsoimaime71.com\/site\/groupe-de-parole\/\" >\n\t\t\t\t\t<img loading=\"lazy\" decoding=\"async\" width=\"712\" height=\"482\" src=\"https:\/\/avecsoimaime71.com\/site\/wp-content\/uploads\/2025\/11\/page-accueil-soutenir-kfeblabla-instants-partages.png\" class=\"attachment-large size-large wp-post-image\" alt=\"\" srcset=\"https:\/\/avecsoimaime71.com\/site\/wp-content\/uploads\/2025\/11\/page-accueil-soutenir-kfeblabla-instants-partages.png 712w, https:\/\/avecsoimaime71.com\/site\/wp-content\/uploads\/2025\/11\/page-accueil-soutenir-kfeblabla-instants-partages-300x203.png 300w\" sizes=\"(max-width: 712px) 100vw, 712px\" \/>\t\t\t\t\t<div class=\"ekit_post_list_content_wraper\">\n\t\t\t\t\t\t\t\t\t\t\t\t\t\t\t\t\t\t<div class=\"meta-lists\">\n\t\t\t\t\t\t\t\t\t\t\t\t\t\t<span class=\"meta-date\">\n\n\t\t\t\t\t\t\t\t<i aria-hidden=\"true\" class=\"icon icon-calendar-page-empty\"><\/i>\n\t\t\t\t\t\t\t\t15 Nov 2025\t\t\t\t\t\t\t<\/span>\n\t\t\t\t\t\t\t\n\t\t\t\t\t\t\t\t\t\t\t\t\t<\/div>\n\t\t\t\t\t\t\n\t\t\t\t\t\t<span class=\"elementor-icon-list-text\">Groupe de parole<\/span>\n\n\t\t\t\t\t\t\t\t\t\t\t<\/div>\n\t\t\t\t<\/a>\n\t\t\t<\/li>\n\t\t\t\t\t<li class=\"elementor-icon-list-item   \">\n\t\t\t\t<a href=\"https:\/\/avecsoimaime71.com\/site\/emeline\/\" >\n\t\t\t\t\t<img loading=\"lazy\" decoding=\"async\" width=\"709\" height=\"709\" src=\"https:\/\/avecsoimaime71.com\/site\/wp-content\/uploads\/2025\/08\/emeline-fondatrice-coordinatrice.png\" class=\"attachment-large size-large wp-post-image\" alt=\"\" srcset=\"https:\/\/avecsoimaime71.com\/site\/wp-content\/uploads\/2025\/08\/emeline-fondatrice-coordinatrice.png 709w, https:\/\/avecsoimaime71.com\/site\/wp-content\/uploads\/2025\/08\/emeline-fondatrice-coordinatrice-300x300.png 300w, https:\/\/avecsoimaime71.com\/site\/wp-content\/uploads\/2025\/08\/emeline-fondatrice-coordinatrice-150x150.png 150w\" sizes=\"(max-width: 709px) 100vw, 709px\" \/>\t\t\t\t\t<div class=\"ekit_post_list_content_wraper\">\n\t\t\t\t\t\t\t\t\t\t\t\t\t\t\t\t\t\t<div class=\"meta-lists\">\n\t\t\t\t\t\t\t\t\t\t\t\t\t\t<span class=\"meta-date\">\n\n\t\t\t\t\t\t\t\t<i aria-hidden=\"true\" class=\"icon icon-calendar-page-empty\"><\/i>\n\t\t\t\t\t\t\t\t01 Oct 2025\t\t\t\t\t\t\t<\/span>\n\t\t\t\t\t\t\t\n\t\t\t\t\t\t\t\t\t\t\t\t\t<\/div>\n\t\t\t\t\t\t\n\t\t\t\t\t\t<span class=\"elementor-icon-list-text\">\u00c9meline<\/span>\n\n\t\t\t\t\t\t\t\t\t\t\t<\/div>\n\t\t\t\t<\/a>\n\t\t\t<\/li>\n\t\t\t\t\t<li class=\"elementor-icon-list-item   \">\n\t\t\t\t<a href=\"https:\/\/avecsoimaime71.com\/site\/elisabeth\/\" >\n\t\t\t\t\t<img loading=\"lazy\" decoding=\"async\" width=\"1024\" height=\"1024\" src=\"https:\/\/avecsoimaime71.com\/site\/wp-content\/uploads\/2025\/08\/elisabeth-shiatsu-et-reflexologie-plantaire-1024x1024.png\" class=\"attachment-large size-large wp-post-image\" alt=\"\" srcset=\"https:\/\/avecsoimaime71.com\/site\/wp-content\/uploads\/2025\/08\/elisabeth-shiatsu-et-reflexologie-plantaire-1024x1024.png 1024w, https:\/\/avecsoimaime71.com\/site\/wp-content\/uploads\/2025\/08\/elisabeth-shiatsu-et-reflexologie-plantaire-300x300.png 300w, https:\/\/avecsoimaime71.com\/site\/wp-content\/uploads\/2025\/08\/elisabeth-shiatsu-et-reflexologie-plantaire-150x150.png 150w, https:\/\/avecsoimaime71.com\/site\/wp-content\/uploads\/2025\/08\/elisabeth-shiatsu-et-reflexologie-plantaire-768x768.png 768w, https:\/\/avecsoimaime71.com\/site\/wp-content\/uploads\/2025\/08\/elisabeth-shiatsu-et-reflexologie-plantaire.png 1276w\" sizes=\"(max-width: 1024px) 100vw, 1024px\" \/>\t\t\t\t\t<div class=\"ekit_post_list_content_wraper\">\n\t\t\t\t\t\t\t\t\t\t\t\t\t\t\t\t\t\t<div class=\"meta-lists\">\n\t\t\t\t\t\t\t\t\t\t\t\t\t\t<span class=\"meta-date\">\n\n\t\t\t\t\t\t\t\t<i aria-hidden=\"true\" class=\"icon icon-calendar-page-empty\"><\/i>\n\t\t\t\t\t\t\t\t01 Oct 2025\t\t\t\t\t\t\t<\/span>\n\t\t\t\t\t\t\t\n\t\t\t\t\t\t\t\t\t\t\t\t\t<\/div>\n\t\t\t\t\t\t\n\t\t\t\t\t\t<span class=\"elementor-icon-list-text\">\u00c9lisabeth<\/span>\n\n\t\t\t\t\t\t\t\t\t\t\t<\/div>\n\t\t\t\t<\/a>\n\t\t\t<\/li>\n\t\t\t\t\t<li class=\"elementor-icon-list-item   \">\n\t\t\t\t<a href=\"https:\/\/avecsoimaime71.com\/site\/erika\/\" >\n\t\t\t\t\t<img loading=\"lazy\" decoding=\"async\" width=\"1024\" height=\"1024\" src=\"https:\/\/avecsoimaime71.com\/site\/wp-content\/uploads\/2025\/11\/Erika-Presidente-1024x1024.jpg\" class=\"attachment-large size-large wp-post-image\" alt=\"\" srcset=\"https:\/\/avecsoimaime71.com\/site\/wp-content\/uploads\/2025\/11\/Erika-Presidente-1024x1024.jpg 1024w, https:\/\/avecsoimaime71.com\/site\/wp-content\/uploads\/2025\/11\/Erika-Presidente-300x300.jpg 300w, https:\/\/avecsoimaime71.com\/site\/wp-content\/uploads\/2025\/11\/Erika-Presidente-150x150.jpg 150w, https:\/\/avecsoimaime71.com\/site\/wp-content\/uploads\/2025\/11\/Erika-Presidente-768x768.jpg 768w, https:\/\/avecsoimaime71.com\/site\/wp-content\/uploads\/2025\/11\/Erika-Presidente-1536x1536.jpg 1536w, https:\/\/avecsoimaime71.com\/site\/wp-content\/uploads\/2025\/11\/Erika-Presidente.jpg 2048w\" sizes=\"(max-width: 1024px) 100vw, 1024px\" \/>\t\t\t\t\t<div class=\"ekit_post_list_content_wraper\">\n\t\t\t\t\t\t\t\t\t\t\t\t\t\t\t\t\t\t<div class=\"meta-lists\">\n\t\t\t\t\t\t\t\t\t\t\t\t\t\t<span class=\"meta-date\">\n\n\t\t\t\t\t\t\t\t<i aria-hidden=\"true\" class=\"icon icon-calendar-page-empty\"><\/i>\n\t\t\t\t\t\t\t\t01 Oct 2025\t\t\t\t\t\t\t<\/span>\n\t\t\t\t\t\t\t\n\t\t\t\t\t\t\t\t\t\t\t\t\t<\/div>\n\t\t\t\t\t\t\n\t\t\t\t\t\t<span class=\"elementor-icon-list-text\">\u00c9rika<\/span>\n\n\t\t\t\t\t\t\t\t\t\t\t<\/div>\n\t\t\t\t<\/a>\n\t\t\t<\/li>\n\t\t\t\t\t<li class=\"elementor-icon-list-item   \">\n\t\t\t\t<a href=\"https:\/\/avecsoimaime71.com\/site\/lionel\/\" >\n\t\t\t\t\t<img loading=\"lazy\" decoding=\"async\" width=\"836\" height=\"836\" src=\"https:\/\/avecsoimaime71.com\/site\/wp-content\/uploads\/2025\/08\/lionel-neurofeedback.png\" class=\"attachment-large size-large wp-post-image\" alt=\"\" srcset=\"https:\/\/avecsoimaime71.com\/site\/wp-content\/uploads\/2025\/08\/lionel-neurofeedback.png 836w, https:\/\/avecsoimaime71.com\/site\/wp-content\/uploads\/2025\/08\/lionel-neurofeedback-300x300.png 300w, https:\/\/avecsoimaime71.com\/site\/wp-content\/uploads\/2025\/08\/lionel-neurofeedback-150x150.png 150w, https:\/\/avecsoimaime71.com\/site\/wp-content\/uploads\/2025\/08\/lionel-neurofeedback-768x768.png 768w\" sizes=\"(max-width: 836px) 100vw, 836px\" \/>\t\t\t\t\t<div class=\"ekit_post_list_content_wraper\">\n\t\t\t\t\t\t\t\t\t\t\t\t\t\t\t\t\t\t<div class=\"meta-lists\">\n\t\t\t\t\t\t\t\t\t\t\t\t\t\t<span class=\"meta-date\">\n\n\t\t\t\t\t\t\t\t<i aria-hidden=\"true\" class=\"icon icon-calendar-page-empty\"><\/i>\n\t\t\t\t\t\t\t\t15 Juil 2025\t\t\t\t\t\t\t<\/span>\n\t\t\t\t\t\t\t\n\t\t\t\t\t\t\t\t\t\t\t\t\t<\/div>\n\t\t\t\t\t\t\n\t\t\t\t\t\t<span class=\"elementor-icon-list-text\">Lionel<\/span>\n\n\t\t\t\t\t\t\t\t\t\t\t<\/div>\n\t\t\t\t<\/a>\n\t\t\t<\/li>\n\t\t\t\t\t<li class=\"elementor-icon-list-item   \">\n\t\t\t\t<a href=\"https:\/\/avecsoimaime71.com\/site\/nino\/\" >\n\t\t\t\t\t<img loading=\"lazy\" decoding=\"async\" width=\"1024\" height=\"823\" src=\"https:\/\/avecsoimaime71.com\/site\/wp-content\/uploads\/2025\/11\/Nino-tresorier-scaled-1-1024x823.jpg\" class=\"attachment-large size-large wp-post-image\" alt=\"\" srcset=\"https:\/\/avecsoimaime71.com\/site\/wp-content\/uploads\/2025\/11\/Nino-tresorier-scaled-1-1024x823.jpg 1024w, https:\/\/avecsoimaime71.com\/site\/wp-content\/uploads\/2025\/11\/Nino-tresorier-scaled-1-300x241.jpg 300w, https:\/\/avecsoimaime71.com\/site\/wp-content\/uploads\/2025\/11\/Nino-tresorier-scaled-1-768x617.jpg 768w, https:\/\/avecsoimaime71.com\/site\/wp-content\/uploads\/2025\/11\/Nino-tresorier-scaled-1-1536x1234.jpg 1536w, https:\/\/avecsoimaime71.com\/site\/wp-content\/uploads\/2025\/11\/Nino-tresorier-scaled-1-2048x1646.jpg 2048w\" sizes=\"(max-width: 1024px) 100vw, 1024px\" \/>\t\t\t\t\t<div class=\"ekit_post_list_content_wraper\">\n\t\t\t\t\t\t\t\t\t\t\t\t\t\t\t\t\t\t<div class=\"meta-lists\">\n\t\t\t\t\t\t\t\t\t\t\t\t\t\t<span class=\"meta-date\">\n\n\t\t\t\t\t\t\t\t<i aria-hidden=\"true\" class=\"icon icon-calendar-page-empty\"><\/i>\n\t\t\t\t\t\t\t\t15 Juin 2025\t\t\t\t\t\t\t<\/span>\n\t\t\t\t\t\t\t\n\t\t\t\t\t\t\t\t\t\t\t\t\t<\/div>\n\t\t\t\t\t\t\n\t\t\t\t\t\t<span class=\"elementor-icon-list-text\">Nino<\/span>\n\n\t\t\t\t\t\t\t\t\t\t\t<\/div>\n\t\t\t\t<\/a>\n\t\t\t<\/li>\n\t\t\t\t\t<li class=\"elementor-icon-list-item   \">\n\t\t\t\t<a href=\"https:\/\/avecsoimaime71.com\/site\/mael\/\" >\n\t\t\t\t\t<img loading=\"lazy\" decoding=\"async\" width=\"978\" height=\"978\" src=\"https:\/\/avecsoimaime71.com\/site\/wp-content\/uploads\/2025\/08\/Mael-masseur-bien-etre.png\" class=\"attachment-large size-large wp-post-image\" alt=\"\" srcset=\"https:\/\/avecsoimaime71.com\/site\/wp-content\/uploads\/2025\/08\/Mael-masseur-bien-etre.png 978w, https:\/\/avecsoimaime71.com\/site\/wp-content\/uploads\/2025\/08\/Mael-masseur-bien-etre-300x300.png 300w, https:\/\/avecsoimaime71.com\/site\/wp-content\/uploads\/2025\/08\/Mael-masseur-bien-etre-150x150.png 150w, https:\/\/avecsoimaime71.com\/site\/wp-content\/uploads\/2025\/08\/Mael-masseur-bien-etre-768x768.png 768w\" sizes=\"(max-width: 978px) 100vw, 978px\" \/>\t\t\t\t\t<div class=\"ekit_post_list_content_wraper\">\n\t\t\t\t\t\t\t\t\t\t\t\t\t\t\t\t\t\t<div class=\"meta-lists\">\n\t\t\t\t\t\t\t\t\t\t\t\t\t\t<span class=\"meta-date\">\n\n\t\t\t\t\t\t\t\t<i aria-hidden=\"true\" class=\"icon icon-calendar-page-empty\"><\/i>\n\t\t\t\t\t\t\t\t01 Juin 2025\t\t\t\t\t\t\t<\/span>\n\t\t\t\t\t\t\t\n\t\t\t\t\t\t\t\t\t\t\t\t\t<\/div>\n\t\t\t\t\t\t\n\t\t\t\t\t\t<span class=\"elementor-icon-list-text\">Ma\u00ebl<\/span>\n\n\t\t\t\t\t\t\t\t\t\t\t<\/div>\n\t\t\t\t<\/a>\n\t\t\t<\/li>\n\t\t\t\t\t<li class=\"elementor-icon-list-item   \">\n\t\t\t\t<a href=\"https:\/\/avecsoimaime71.com\/site\/marie-laure\/\" >\n\t\t\t\t\t<img loading=\"lazy\" decoding=\"async\" width=\"511\" height=\"504\" src=\"https:\/\/avecsoimaime71.com\/site\/wp-content\/uploads\/2025\/08\/cropped-Logo512px-RVB-1.jpg\" class=\"attachment-large size-large wp-post-image\" alt=\"\" srcset=\"https:\/\/avecsoimaime71.com\/site\/wp-content\/uploads\/2025\/08\/cropped-Logo512px-RVB-1.jpg 511w, https:\/\/avecsoimaime71.com\/site\/wp-content\/uploads\/2025\/08\/cropped-Logo512px-RVB-1-300x296.jpg 300w\" sizes=\"(max-width: 511px) 100vw, 511px\" \/>\t\t\t\t\t<div class=\"ekit_post_list_content_wraper\">\n\t\t\t\t\t\t\t\t\t\t\t\t\t\t\t\t\t\t<div class=\"meta-lists\">\n\t\t\t\t\t\t\t\t\t\t\t\t\t\t<span class=\"meta-date\">\n\n\t\t\t\t\t\t\t\t<i aria-hidden=\"true\" class=\"icon icon-calendar-page-empty\"><\/i>\n\t\t\t\t\t\t\t\t01 Juin 2025\t\t\t\t\t\t\t<\/span>\n\t\t\t\t\t\t\t\n\t\t\t\t\t\t\t\t\t\t\t\t\t<\/div>\n\t\t\t\t\t\t\n\t\t\t\t\t\t<span class=\"elementor-icon-list-text\">Marie Laure<\/span>\n\n\t\t\t\t\t\t\t\t\t\t\t<\/div>\n\t\t\t\t<\/a>\n\t\t\t<\/li>\n\t\t\t\t\t<li class=\"elementor-icon-list-item   \">\n\t\t\t\t<a href=\"https:\/\/avecsoimaime71.com\/site\/marie-the\/\" >\n\t\t\t\t\t<img loading=\"lazy\" decoding=\"async\" width=\"511\" height=\"504\" src=\"https:\/\/avecsoimaime71.com\/site\/wp-content\/uploads\/2025\/08\/cropped-Logo512px-RVB-1.jpg\" class=\"attachment-large size-large wp-post-image\" alt=\"\" srcset=\"https:\/\/avecsoimaime71.com\/site\/wp-content\/uploads\/2025\/08\/cropped-Logo512px-RVB-1.jpg 511w, https:\/\/avecsoimaime71.com\/site\/wp-content\/uploads\/2025\/08\/cropped-Logo512px-RVB-1-300x296.jpg 300w\" sizes=\"(max-width: 511px) 100vw, 511px\" \/>\t\t\t\t\t<div class=\"ekit_post_list_content_wraper\">\n\t\t\t\t\t\t\t\t\t\t\t\t\t\t\t\t\t\t<div class=\"meta-lists\">\n\t\t\t\t\t\t\t\t\t\t\t\t\t\t<span class=\"meta-date\">\n\n\t\t\t\t\t\t\t\t<i aria-hidden=\"true\" class=\"icon icon-calendar-page-empty\"><\/i>\n\t\t\t\t\t\t\t\t01 Juin 2025\t\t\t\t\t\t\t<\/span>\n\t\t\t\t\t\t\t\n\t\t\t\t\t\t\t\t\t\t\t\t\t<\/div>\n\t\t\t\t\t\t\n\t\t\t\t\t\t<span class=\"elementor-icon-list-text\">Marie-Th\u00e9<\/span>\n\n\t\t\t\t\t\t\t\t\t\t\t<\/div>\n\t\t\t\t<\/a>\n\t\t\t<\/li>\n\t\t\t\t\t<li class=\"elementor-icon-list-item   \">\n\t\t\t\t<a href=\"https:\/\/avecsoimaime71.com\/site\/sophie\/\" >\n\t\t\t\t\t<img loading=\"lazy\" decoding=\"async\" width=\"329\" height=\"329\" src=\"https:\/\/avecsoimaime71.com\/site\/wp-content\/uploads\/2025\/08\/sophie-co-animatrice-groupe-de-parole.png\" class=\"attachment-large size-large wp-post-image\" alt=\"\" srcset=\"https:\/\/avecsoimaime71.com\/site\/wp-content\/uploads\/2025\/08\/sophie-co-animatrice-groupe-de-parole.png 329w, https:\/\/avecsoimaime71.com\/site\/wp-content\/uploads\/2025\/08\/sophie-co-animatrice-groupe-de-parole-300x300.png 300w, https:\/\/avecsoimaime71.com\/site\/wp-content\/uploads\/2025\/08\/sophie-co-animatrice-groupe-de-parole-150x150.png 150w\" sizes=\"(max-width: 329px) 100vw, 329px\" \/>\t\t\t\t\t<div class=\"ekit_post_list_content_wraper\">\n\t\t\t\t\t\t\t\t\t\t\t\t\t\t\t\t\t\t<div class=\"meta-lists\">\n\t\t\t\t\t\t\t\t\t\t\t\t\t\t<span class=\"meta-date\">\n\n\t\t\t\t\t\t\t\t<i aria-hidden=\"true\" class=\"icon icon-calendar-page-empty\"><\/i>\n\t\t\t\t\t\t\t\t01 Mar 2025\t\t\t\t\t\t\t<\/span>\n\t\t\t\t\t\t\t\n\t\t\t\t\t\t\t\t\t\t\t\t\t<\/div>\n\t\t\t\t\t\t\n\t\t\t\t\t\t<span class=\"elementor-icon-list-text\">Sophie<\/span>\n\n\t\t\t\t\t\t\t\t\t\t\t<\/div>\n\t\t\t\t<\/a>\n\t\t\t<\/li>\n\t\t\t\t\t<li class=\"elementor-icon-list-item   \">\n\t\t\t\t<a href=\"https:\/\/avecsoimaime71.com\/site\/sasha\/\" >\n\t\t\t\t\t<img loading=\"lazy\" decoding=\"async\" width=\"916\" height=\"1024\" src=\"https:\/\/avecsoimaime71.com\/site\/wp-content\/uploads\/2025\/11\/Sasha-community-manager-916x1024.jpg\" class=\"attachment-large size-large wp-post-image\" alt=\"\" srcset=\"https:\/\/avecsoimaime71.com\/site\/wp-content\/uploads\/2025\/11\/Sasha-community-manager-916x1024.jpg 916w, https:\/\/avecsoimaime71.com\/site\/wp-content\/uploads\/2025\/11\/Sasha-community-manager-268x300.jpg 268w, https:\/\/avecsoimaime71.com\/site\/wp-content\/uploads\/2025\/11\/Sasha-community-manager-768x859.jpg 768w, https:\/\/avecsoimaime71.com\/site\/wp-content\/uploads\/2025\/11\/Sasha-community-manager-1374x1536.jpg 1374w, https:\/\/avecsoimaime71.com\/site\/wp-content\/uploads\/2025\/11\/Sasha-community-manager.jpg 1642w\" sizes=\"(max-width: 916px) 100vw, 916px\" \/>\t\t\t\t\t<div class=\"ekit_post_list_content_wraper\">\n\t\t\t\t\t\t\t\t\t\t\t\t\t\t\t\t\t\t<div class=\"meta-lists\">\n\t\t\t\t\t\t\t\t\t\t\t\t\t\t<span class=\"meta-date\">\n\n\t\t\t\t\t\t\t\t<i aria-hidden=\"true\" class=\"icon icon-calendar-page-empty\"><\/i>\n\t\t\t\t\t\t\t\t01 Mar 2025\t\t\t\t\t\t\t<\/span>\n\t\t\t\t\t\t\t\n\t\t\t\t\t\t\t\t\t\t\t\t\t<\/div>\n\t\t\t\t\t\t\n\t\t\t\t\t\t<span class=\"elementor-icon-list-text\">Sasha<\/span>\n\n\t\t\t\t\t\t\t\t\t\t\t<\/div>\n\t\t\t\t<\/a>\n\t\t\t<\/li>\n\t\t\t\t\t<li class=\"elementor-icon-list-item   \">\n\t\t\t\t<a href=\"https:\/\/avecsoimaime71.com\/site\/delphine\/\" >\n\t\t\t\t\t<img loading=\"lazy\" decoding=\"async\" width=\"978\" height=\"978\" src=\"https:\/\/avecsoimaime71.com\/site\/wp-content\/uploads\/2025\/08\/delphine-magnetiseuse-1.jpg\" class=\"attachment-large size-large wp-post-image\" alt=\"\" srcset=\"https:\/\/avecsoimaime71.com\/site\/wp-content\/uploads\/2025\/08\/delphine-magnetiseuse-1.jpg 978w, https:\/\/avecsoimaime71.com\/site\/wp-content\/uploads\/2025\/08\/delphine-magnetiseuse-1-300x300.jpg 300w, https:\/\/avecsoimaime71.com\/site\/wp-content\/uploads\/2025\/08\/delphine-magnetiseuse-1-150x150.jpg 150w, https:\/\/avecsoimaime71.com\/site\/wp-content\/uploads\/2025\/08\/delphine-magnetiseuse-1-768x768.jpg 768w\" sizes=\"(max-width: 978px) 100vw, 978px\" \/>\t\t\t\t\t<div class=\"ekit_post_list_content_wraper\">\n\t\t\t\t\t\t\t\t\t\t\t\t\t\t\t\t\t\t<div class=\"meta-lists\">\n\t\t\t\t\t\t\t\t\t\t\t\t\t\t<span class=\"meta-date\">\n\n\t\t\t\t\t\t\t\t<i aria-hidden=\"true\" class=\"icon icon-calendar-page-empty\"><\/i>\n\t\t\t\t\t\t\t\t15 F\u00e9v 2025\t\t\t\t\t\t\t<\/span>\n\t\t\t\t\t\t\t\n\t\t\t\t\t\t\t\t\t\t\t\t\t<\/div>\n\t\t\t\t\t\t\n\t\t\t\t\t\t<span class=\"elementor-icon-list-text\">Delphine<\/span>\n\n\t\t\t\t\t\t\t\t\t\t\t<\/div>\n\t\t\t\t<\/a>\n\t\t\t<\/li>\n\t\t\t\t\t<li class=\"elementor-icon-list-item   \">\n\t\t\t\t<a href=\"https:\/\/avecsoimaime71.com\/site\/journal-saone-et-loire-03-fevrier-2025-avec-soi-maime\/\" >\n\t\t\t\t\t<img loading=\"lazy\" decoding=\"async\" width=\"526\" height=\"124\" src=\"https:\/\/avecsoimaime71.com\/site\/wp-content\/uploads\/2025\/08\/le-journal-de-saone-et-loire-Logo.png\" class=\"attachment-large size-large wp-post-image\" alt=\"\" srcset=\"https:\/\/avecsoimaime71.com\/site\/wp-content\/uploads\/2025\/08\/le-journal-de-saone-et-loire-Logo.png 526w, https:\/\/avecsoimaime71.com\/site\/wp-content\/uploads\/2025\/08\/le-journal-de-saone-et-loire-Logo-300x71.png 300w\" sizes=\"(max-width: 526px) 100vw, 526px\" \/>\t\t\t\t\t<div class=\"ekit_post_list_content_wraper\">\n\t\t\t\t\t\t\t\t\t\t\t\t\t\t\t\t\t\t<div class=\"meta-lists\">\n\t\t\t\t\t\t\t\t\t\t\t\t\t\t<span class=\"meta-date\">\n\n\t\t\t\t\t\t\t\t<i aria-hidden=\"true\" class=\"icon icon-calendar-page-empty\"><\/i>\n\t\t\t\t\t\t\t\t03 F\u00e9v 2025\t\t\t\t\t\t\t<\/span>\n\t\t\t\t\t\t\t\n\t\t\t\t\t\t\t\t\t\t\t\t\t<\/div>\n\t\t\t\t\t\t\n\t\t\t\t\t\t<span class=\"elementor-icon-list-text\">Journal Sa\u00f4ne et Loire 03 F\u00e9vrier. 2025 ... Avec soi m&#039;aime<\/span>\n\n\t\t\t\t\t\t\t\t\t\t\t<\/div>\n\t\t\t\t<\/a>\n\t\t\t<\/li>\n\t\t\t\t\t<li class=\"elementor-icon-list-item   \">\n\t\t\t\t<a href=\"https:\/\/avecsoimaime71.com\/site\/journal-saone-et-loire-fevrier-2025\/\" >\n\t\t\t\t\t\t\t\t\t\t<div class=\"ekit_post_list_content_wraper\">\n\t\t\t\t\t\t\t\t\t\t\t\t\t\t\t\t\t\t<div class=\"meta-lists\">\n\t\t\t\t\t\t\t\t\t\t\t\t\t\t<span class=\"meta-date\">\n\n\t\t\t\t\t\t\t\t<i aria-hidden=\"true\" class=\"icon icon-calendar-page-empty\"><\/i>\n\t\t\t\t\t\t\t\t01 F\u00e9v 2025\t\t\t\t\t\t\t<\/span>\n\t\t\t\t\t\t\t\n\t\t\t\t\t\t\t\t\t\t\t\t\t<\/div>\n\t\t\t\t\t\t\n\t\t\t\t\t\t<span class=\"elementor-icon-list-text\">Journal Sa\u00f4ne et Loire F\u00e9vrier 2025<\/span>\n\n\t\t\t\t\t\t\t\t\t\t\t<\/div>\n\t\t\t\t<\/a>\n\t\t\t<\/li>\n\t\t\t\t\t<li class=\"elementor-icon-list-item   \">\n\t\t\t\t<a href=\"https:\/\/avecsoimaime71.com\/site\/journal-saone-et-loire-fevrier-2025-2\/\" >\n\t\t\t\t\t\t\t\t\t\t<div class=\"ekit_post_list_content_wraper\">\n\t\t\t\t\t\t\t\t\t\t\t\t\t\t\t\t\t\t<div class=\"meta-lists\">\n\t\t\t\t\t\t\t\t\t\t\t\t\t\t<span class=\"meta-date\">\n\n\t\t\t\t\t\t\t\t<i aria-hidden=\"true\" class=\"icon icon-calendar-page-empty\"><\/i>\n\t\t\t\t\t\t\t\t01 F\u00e9v 2025\t\t\t\t\t\t\t<\/span>\n\t\t\t\t\t\t\t\n\t\t\t\t\t\t\t\t\t\t\t\t\t<\/div>\n\t\t\t\t\t\t\n\t\t\t\t\t\t<span class=\"elementor-icon-list-text\">Journal Sa\u00f4ne et Loire F\u00e9vrier 2025<\/span>\n\n\t\t\t\t\t\t\t\t\t\t\t<\/div>\n\t\t\t\t<\/a>\n\t\t\t<\/li>\n\t\t\t\t\t<li class=\"elementor-icon-list-item   \">\n\t\t\t\t<a href=\"https:\/\/avecsoimaime71.com\/site\/journal-la-voix-de-lain-juillet-2023\/\" >\n\t\t\t\t\t\t\t\t\t\t<div class=\"ekit_post_list_content_wraper\">\n\t\t\t\t\t\t\t\t\t\t\t\t\t\t\t\t\t\t<div class=\"meta-lists\">\n\t\t\t\t\t\t\t\t\t\t\t\t\t\t<span class=\"meta-date\">\n\n\t\t\t\t\t\t\t\t<i aria-hidden=\"true\" class=\"icon icon-calendar-page-empty\"><\/i>\n\t\t\t\t\t\t\t\t01 Juil 2023\t\t\t\t\t\t\t<\/span>\n\t\t\t\t\t\t\t\n\t\t\t\t\t\t\t\t\t\t\t\t\t<\/div>\n\t\t\t\t\t\t\n\t\t\t\t\t\t<span class=\"elementor-icon-list-text\">Journal La Voix de l&#039;Ain Juillet 2023<\/span>\n\n\t\t\t\t\t\t\t\t\t\t\t<\/div>\n\t\t\t\t<\/a>\n\t\t\t<\/li>\n\t\t\t\t\t<li class=\"elementor-icon-list-item   \">\n\t\t\t\t<a href=\"https:\/\/avecsoimaime71.com\/site\/journal-saone-et-loire-juin-2023\/\" >\n\t\t\t\t\t\t\t\t\t\t<div class=\"ekit_post_list_content_wraper\">\n\t\t\t\t\t\t\t\t\t\t\t\t\t\t\t\t\t\t<div class=\"meta-lists\">\n\t\t\t\t\t\t\t\t\t\t\t\t\t\t<span class=\"meta-date\">\n\n\t\t\t\t\t\t\t\t<i aria-hidden=\"true\" class=\"icon icon-calendar-page-empty\"><\/i>\n\t\t\t\t\t\t\t\t01 Juin 2023\t\t\t\t\t\t\t<\/span>\n\t\t\t\t\t\t\t\n\t\t\t\t\t\t\t\t\t\t\t\t\t<\/div>\n\t\t\t\t\t\t\n\t\t\t\t\t\t<span class=\"elementor-icon-list-text\">Journal Sa\u00f4ne et Loire  Juin 2023<\/span>\n\n\t\t\t\t\t\t\t\t\t\t\t<\/div>\n\t\t\t\t<\/a>\n\t\t\t<\/li>\n\t\t\t\t\t<li class=\"elementor-icon-list-item   \">\n\t\t\t\t<a href=\"https:\/\/avecsoimaime71.com\/site\/journal-saone-et-loire-du-18-mars-2023\/\" >\n\t\t\t\t\t<img loading=\"lazy\" decoding=\"async\" width=\"526\" height=\"124\" src=\"https:\/\/avecsoimaime71.com\/site\/wp-content\/uploads\/2025\/08\/le-journal-de-saone-et-loire-Logo.png\" class=\"attachment-large size-large wp-post-image\" alt=\"\" srcset=\"https:\/\/avecsoimaime71.com\/site\/wp-content\/uploads\/2025\/08\/le-journal-de-saone-et-loire-Logo.png 526w, https:\/\/avecsoimaime71.com\/site\/wp-content\/uploads\/2025\/08\/le-journal-de-saone-et-loire-Logo-300x71.png 300w\" sizes=\"(max-width: 526px) 100vw, 526px\" \/>\t\t\t\t\t<div class=\"ekit_post_list_content_wraper\">\n\t\t\t\t\t\t\t\t\t\t\t\t\t\t\t\t\t\t<div class=\"meta-lists\">\n\t\t\t\t\t\t\t\t\t\t\t\t\t\t<span class=\"meta-date\">\n\n\t\t\t\t\t\t\t\t<i aria-hidden=\"true\" class=\"icon icon-calendar-page-empty\"><\/i>\n\t\t\t\t\t\t\t\t18 Mar 2023\t\t\t\t\t\t\t<\/span>\n\t\t\t\t\t\t\t\n\t\t\t\t\t\t\t\t\t\t\t\t\t<\/div>\n\t\t\t\t\t\t\n\t\t\t\t\t\t<span class=\"elementor-icon-list-text\">Journal Sa\u00f4ne et Loire du 18 Mars 2023<\/span>\n\n\t\t\t\t\t\t\t\t\t\t\t<\/div>\n\t\t\t\t<\/a>\n\t\t\t<\/li>\n\t\t\t\t\t<li class=\"elementor-icon-list-item   \">\n\t\t\t\t<a href=\"https:\/\/avecsoimaime71.com\/site\/journal-saone-et-loire-mars-2023-2\/\" >\n\t\t\t\t\t\t\t\t\t\t<div class=\"ekit_post_list_content_wraper\">\n\t\t\t\t\t\t\t\t\t\t\t\t\t\t\t\t\t\t<div class=\"meta-lists\">\n\t\t\t\t\t\t\t\t\t\t\t\t\t\t<span class=\"meta-date\">\n\n\t\t\t\t\t\t\t\t<i aria-hidden=\"true\" class=\"icon icon-calendar-page-empty\"><\/i>\n\t\t\t\t\t\t\t\t01 Mar 2023\t\t\t\t\t\t\t<\/span>\n\t\t\t\t\t\t\t\n\t\t\t\t\t\t\t\t\t\t\t\t\t<\/div>\n\t\t\t\t\t\t\n\t\t\t\t\t\t<span class=\"elementor-icon-list-text\">Journal Sa\u00f4ne et Loire Mars 2023<\/span>\n\n\t\t\t\t\t\t\t\t\t\t\t<\/div>\n\t\t\t\t<\/a>\n\t\t\t<\/li>\n\t\t\t\t\t<li class=\"elementor-icon-list-item   \">\n\t\t\t\t<a href=\"https:\/\/avecsoimaime71.com\/site\/journal-saone-et-loire-mars-2023\/\" >\n\t\t\t\t\t\t\t\t\t\t<div class=\"ekit_post_list_content_wraper\">\n\t\t\t\t\t\t\t\t\t\t\t\t\t\t\t\t\t\t<div class=\"meta-lists\">\n\t\t\t\t\t\t\t\t\t\t\t\t\t\t<span class=\"meta-date\">\n\n\t\t\t\t\t\t\t\t<i aria-hidden=\"true\" class=\"icon icon-calendar-page-empty\"><\/i>\n\t\t\t\t\t\t\t\t01 Mar 2023\t\t\t\t\t\t\t<\/span>\n\t\t\t\t\t\t\t\n\t\t\t\t\t\t\t\t\t\t\t\t\t<\/div>\n\t\t\t\t\t\t\n\t\t\t\t\t\t<span class=\"elementor-icon-list-text\">Journal Sa\u00f4ne et Loire Mars 2023<\/span>\n\n\t\t\t\t\t\t\t\t\t\t\t<\/div>\n\t\t\t\t<\/a>\n\t\t\t<\/li>\n\t\t\t\t<\/ul>\n\t\t<\/div>\t\t\t\t<\/div>\n\t\t\t\t<\/div>\n\t\t\t\t\t<\/div>\n\t\t\t\t<\/div>\n\t\t<div class=\"elementor-element elementor-element-6c7c230 e-flex e-con-boxed e-con e-parent\" data-id=\"6c7c230\" data-element_type=\"container\" data-e-type=\"container\">\n\t\t\t\t\t<div class=\"e-con-inner\">\n\t\t\t\t<div class=\"elementor-element elementor-element-b9d37b7 elementor-widget elementor-widget-spacer\" data-id=\"b9d37b7\" data-element_type=\"widget\" data-e-type=\"widget\" data-widget_type=\"spacer.default\">\n\t\t\t\t\t\t\t<div class=\"elementor-spacer\">\n\t\t\t<div class=\"elementor-spacer-inner\"><\/div>\n\t\t<\/div>\n\t\t\t\t\t\t<\/div>\n\t\t\t\t<div class=\"elementor-element elementor-element-a00b3e9 elementor-widget elementor-widget-heading\" data-id=\"a00b3e9\" data-element_type=\"widget\" data-e-type=\"widget\" data-widget_type=\"heading.default\">\n\t\t\t\t\t<h2 class=\"elementor-heading-title elementor-size-default\">Toutes les cat\u00e9gories<br>des articles publi\u00e9s<\/h2>\t\t\t\t<\/div>\n\t\t\t\t<div class=\"elementor-element elementor-element-d7c7ba9 elementor-widget elementor-widget-spacer\" data-id=\"d7c7ba9\" data-element_type=\"widget\" data-e-type=\"widget\" data-widget_type=\"spacer.default\">\n\t\t\t\t\t\t\t<div class=\"elementor-spacer\">\n\t\t\t<div class=\"elementor-spacer-inner\"><\/div>\n\t\t<\/div>\n\t\t\t\t\t\t<\/div>\n\t\t\t\t<div class=\"elementor-element elementor-element-d40fab9 elementor-widget elementor-widget-heading\" data-id=\"d40fab9\" data-element_type=\"widget\" data-e-type=\"widget\" data-widget_type=\"heading.default\">\n\t\t\t\t\t<h2 class=\"elementor-heading-title elementor-size-default\">Post tab<\/h2>\t\t\t\t<\/div>\n\t\t\t\t<div class=\"elementor-element elementor-element-55902e1 is-click-no elementor-widget elementor-widget-elementskit-post-tab\" data-id=\"55902e1\" data-element_type=\"widget\" data-e-type=\"widget\" data-widget_type=\"elementskit-post-tab.default\">\n\t\t\t\t<div class=\"elementor-widget-container\">\n\t\t\t\t\t<div class=\"ekit-wid-con\" >\t\t<div class=\"ekit-post-tab post--tab hover--active \">\n            <div class=\"tabHeader\">\n                <div class=\"tab__list\">\n\t\t\t\t\t\t\t\t\t\t\t                        <span class=\"active tab__list__item\">\n                            Soutenir                        <\/span>\n\t\t\t\t\t\t                    \t\t\t\t\t\t                        <span class=\" tab__list__item\">\n                            Sensibiliser                        <\/span>\n\t\t\t\t\t\t                    \t\t\t\t\t\t                        <span class=\" tab__list__item\">\n                            Non class\u00e9                        <\/span>\n\t\t\t\t\t\t                    \t\t\t\t\t\t                        <span class=\" tab__list__item\">\n                            Informer                        <\/span>\n\t\t\t\t\t\t                    \t\t\t\t\t\t                        <span class=\" tab__list__item\">\n                            \u00c9quipe Avec Soi M&#039;Aime                        <\/span>\n\t\t\t\t\t\t                    \t\t\t\t\t\t                        <span class=\" tab__list__item\">\n                            En page d&#039;accueil                        <\/span>\n\t\t\t\t\t\t                    \t\t\t\t\t\t                        <span class=\" tab__list__item\">\n                            Avis Parents aidants                        <\/span>\n\t\t\t\t\t\t                                    <\/div>\n            <\/div>\n            <div class=\"ekit--tab__post__details tabContent\">\n                                    <div class=\"tabItem active\">\n                                                                                            <div class=\"tab__post__single--item ekit___column-2 tablet- mobile- post-count-3\">\n                                        <div class=\"tab__post__single--inner\">\n                                            <a href=\"https:\/\/avecsoimaime71.com\/site\/ateliers-bien-etre\/\" class=\"tab__post--header\" aria-label=\"url\">\n                                                <img loading=\"lazy\" decoding=\"async\" width=\"702\" height=\"463\" src=\"https:\/\/avecsoimaime71.com\/site\/wp-content\/uploads\/2025\/11\/page-accueil-soutenir-atelier.3.png\" class=\"attachment-post-thumbnail size-post-thumbnail wp-post-image\" alt=\"\" srcset=\"https:\/\/avecsoimaime71.com\/site\/wp-content\/uploads\/2025\/11\/page-accueil-soutenir-atelier.3.png 702w, https:\/\/avecsoimaime71.com\/site\/wp-content\/uploads\/2025\/11\/page-accueil-soutenir-atelier.3-300x198.png 300w\" sizes=\"(max-width: 702px) 100vw, 702px\" \/>                                            <\/a>\n                                            <h3 class=\"tab__post--title\"><a href=\"https:\/\/avecsoimaime71.com\/site\/ateliers-bien-etre\/\">Ateliers bien -\u00eatre<\/a><\/h3>\n                                        <\/div>\n                                    <\/div>\n                                                                                                                               <div class=\"tab__post__single--item ekit___column-2 tablet- mobile- post-count-3\">\n                                        <div class=\"tab__post__single--inner\">\n                                            <a href=\"https:\/\/avecsoimaime71.com\/site\/accompagnement-administratif\/\" class=\"tab__post--header\" aria-label=\"url\">\n                                                <img loading=\"lazy\" decoding=\"async\" width=\"710\" height=\"467\" src=\"https:\/\/avecsoimaime71.com\/site\/wp-content\/uploads\/2025\/11\/page-accueil-soutenir-accompagnement-administratif.png\" class=\"attachment-post-thumbnail size-post-thumbnail wp-post-image\" alt=\"\" srcset=\"https:\/\/avecsoimaime71.com\/site\/wp-content\/uploads\/2025\/11\/page-accueil-soutenir-accompagnement-administratif.png 710w, https:\/\/avecsoimaime71.com\/site\/wp-content\/uploads\/2025\/11\/page-accueil-soutenir-accompagnement-administratif-300x197.png 300w\" sizes=\"(max-width: 710px) 100vw, 710px\" \/>                                            <\/a>\n                                            <h3 class=\"tab__post--title\"><a href=\"https:\/\/avecsoimaime71.com\/site\/accompagnement-administratif\/\">Accompagnement administratif<\/a><\/h3>\n                                        <\/div>\n                                    <\/div>\n                                                                                                                               <div class=\"tab__post__single--item ekit___column-2 tablet- mobile- post-count-3\">\n                                        <div class=\"tab__post__single--inner\">\n                                            <a href=\"https:\/\/avecsoimaime71.com\/site\/groupe-de-parole\/\" class=\"tab__post--header\" aria-label=\"url\">\n                                                <img loading=\"lazy\" decoding=\"async\" width=\"712\" height=\"482\" src=\"https:\/\/avecsoimaime71.com\/site\/wp-content\/uploads\/2025\/11\/page-accueil-soutenir-kfeblabla-instants-partages.png\" class=\"attachment-post-thumbnail size-post-thumbnail wp-post-image\" alt=\"\" srcset=\"https:\/\/avecsoimaime71.com\/site\/wp-content\/uploads\/2025\/11\/page-accueil-soutenir-kfeblabla-instants-partages.png 712w, https:\/\/avecsoimaime71.com\/site\/wp-content\/uploads\/2025\/11\/page-accueil-soutenir-kfeblabla-instants-partages-300x203.png 300w\" sizes=\"(max-width: 712px) 100vw, 712px\" \/>                                            <\/a>\n                                            <h3 class=\"tab__post--title\"><a href=\"https:\/\/avecsoimaime71.com\/site\/groupe-de-parole\/\">Groupe de parole<\/a><\/h3>\n                                        <\/div>\n                                    <\/div>\n                                                                                   <div class=\"clearfix\"><\/div>\n                    <\/div>\n                                    <div class=\"tabItem \">\n                                                                                            <div class=\"tab__post__single--item ekit___column-2 tablet- mobile- post-count-3 tab__post__single--item ekit___column-2 tablet- mobile- post-count-3\">\n                                        <div class=\"tab__post__single--inner\">\n                                            <a href=\"https:\/\/avecsoimaime71.com\/site\/charge-invisible\/\" class=\"tab__post--header\" aria-label=\"url\">\n                                                <img loading=\"lazy\" decoding=\"async\" width=\"488\" height=\"466\" src=\"https:\/\/avecsoimaime71.com\/site\/wp-content\/uploads\/2025\/11\/page-accueil-sensibiliser-charge-invisible.jpg\" class=\"attachment-post-thumbnail size-post-thumbnail wp-post-image\" alt=\"\" srcset=\"https:\/\/avecsoimaime71.com\/site\/wp-content\/uploads\/2025\/11\/page-accueil-sensibiliser-charge-invisible.jpg 488w, https:\/\/avecsoimaime71.com\/site\/wp-content\/uploads\/2025\/11\/page-accueil-sensibiliser-charge-invisible-300x286.jpg 300w\" sizes=\"(max-width: 488px) 100vw, 488px\" \/>                                            <\/a>\n                                            <h3 class=\"tab__post--title\"><a href=\"https:\/\/avecsoimaime71.com\/site\/charge-invisible\/\">Charge invisible<\/a><\/h3>\n                                        <\/div>\n                                    <\/div>\n                                                                                                                               <div class=\"tab__post__single--item ekit___column-2 tablet- mobile- post-count-3 tab__post__single--item ekit___column-2 tablet- mobile- post-count-3\">\n                                        <div class=\"tab__post__single--inner\">\n                                            <a href=\"https:\/\/avecsoimaime71.com\/site\/droit-au-repit\/\" class=\"tab__post--header\" aria-label=\"url\">\n                                                <img loading=\"lazy\" decoding=\"async\" width=\"703\" height=\"467\" src=\"https:\/\/avecsoimaime71.com\/site\/wp-content\/uploads\/2025\/11\/page-accueil-sensibiliser-droit-au-repit.jpg\" class=\"attachment-post-thumbnail size-post-thumbnail wp-post-image\" alt=\"\" srcset=\"https:\/\/avecsoimaime71.com\/site\/wp-content\/uploads\/2025\/11\/page-accueil-sensibiliser-droit-au-repit.jpg 703w, https:\/\/avecsoimaime71.com\/site\/wp-content\/uploads\/2025\/11\/page-accueil-sensibiliser-droit-au-repit-300x199.jpg 300w\" sizes=\"(max-width: 703px) 100vw, 703px\" \/>                                            <\/a>\n                                            <h3 class=\"tab__post--title\"><a href=\"https:\/\/avecsoimaime71.com\/site\/droit-au-repit\/\">Droit au r\u00e9pit<\/a><\/h3>\n                                        <\/div>\n                                    <\/div>\n                                                                                                                               <div class=\"tab__post__single--item ekit___column-2 tablet- mobile- post-count-3 tab__post__single--item ekit___column-2 tablet- mobile- post-count-3\">\n                                        <div class=\"tab__post__single--inner\">\n                                            <a href=\"https:\/\/avecsoimaime71.com\/site\/la-voix-des-parents-aidants\/\" class=\"tab__post--header\" aria-label=\"url\">\n                                                <img loading=\"lazy\" decoding=\"async\" width=\"706\" height=\"467\" src=\"https:\/\/avecsoimaime71.com\/site\/wp-content\/uploads\/2025\/11\/page-accueil-sensibiliser-voix-des-aidants.jpg\" class=\"attachment-post-thumbnail size-post-thumbnail wp-post-image\" alt=\"\" srcset=\"https:\/\/avecsoimaime71.com\/site\/wp-content\/uploads\/2025\/11\/page-accueil-sensibiliser-voix-des-aidants.jpg 706w, https:\/\/avecsoimaime71.com\/site\/wp-content\/uploads\/2025\/11\/page-accueil-sensibiliser-voix-des-aidants-300x198.jpg 300w\" sizes=\"(max-width: 706px) 100vw, 706px\" \/>                                            <\/a>\n                                            <h3 class=\"tab__post--title\"><a href=\"https:\/\/avecsoimaime71.com\/site\/la-voix-des-parents-aidants\/\">La voix des parents aidants<\/a><\/h3>\n                                        <\/div>\n                                    <\/div>\n                                                                                   <div class=\"clearfix\"><\/div>\n                    <\/div>\n                                    <div class=\"tabItem \">\n                                                                                                                                                       <div class=\"tab__post__single--item ekit___column-2 tablet- mobile- post-count-3 tab__post__single--item ekit___column-2 tablet- mobile- post-count-3 tab__post__single--item ekit___column-2 tablet- mobile- post-count-3\">\n                                        <div class=\"tab__post__single--inner\">\n                                            <a href=\"https:\/\/avecsoimaime71.com\/site\/delphine-2\/\" class=\"tab__post--header\" aria-label=\"url\">\n                                                <img loading=\"lazy\" decoding=\"async\" width=\"978\" height=\"978\" src=\"https:\/\/avecsoimaime71.com\/site\/wp-content\/uploads\/2025\/08\/Delphine-animatrice-groupe-de-parole.png\" class=\"attachment-post-thumbnail size-post-thumbnail wp-post-image\" alt=\"\" srcset=\"https:\/\/avecsoimaime71.com\/site\/wp-content\/uploads\/2025\/08\/Delphine-animatrice-groupe-de-parole.png 978w, https:\/\/avecsoimaime71.com\/site\/wp-content\/uploads\/2025\/08\/Delphine-animatrice-groupe-de-parole-300x300.png 300w, https:\/\/avecsoimaime71.com\/site\/wp-content\/uploads\/2025\/08\/Delphine-animatrice-groupe-de-parole-150x150.png 150w, https:\/\/avecsoimaime71.com\/site\/wp-content\/uploads\/2025\/08\/Delphine-animatrice-groupe-de-parole-768x768.png 768w\" sizes=\"(max-width: 978px) 100vw, 978px\" \/>                                            <\/a>\n                                            <h3 class=\"tab__post--title\"><a href=\"https:\/\/avecsoimaime71.com\/site\/delphine-2\/\">Delphine<\/a><\/h3>\n                                        <\/div>\n                                    <\/div>\n                                                                                                                               <div class=\"tab__post__single--item ekit___column-2 tablet- mobile- post-count-3 tab__post__single--item ekit___column-2 tablet- mobile- post-count-3 tab__post__single--item ekit___column-2 tablet- mobile- post-count-3\">\n                                        <div class=\"tab__post__single--inner\">\n                                            <a href=\"https:\/\/avecsoimaime71.com\/site\/nora-2\/\" class=\"tab__post--header\" aria-label=\"url\">\n                                                <img loading=\"lazy\" decoding=\"async\" width=\"487\" height=\"487\" src=\"https:\/\/avecsoimaime71.com\/site\/wp-content\/uploads\/2025\/08\/nora.jpg\" class=\"attachment-post-thumbnail size-post-thumbnail wp-post-image\" alt=\"\" srcset=\"https:\/\/avecsoimaime71.com\/site\/wp-content\/uploads\/2025\/08\/nora.jpg 487w, https:\/\/avecsoimaime71.com\/site\/wp-content\/uploads\/2025\/08\/nora-300x300.jpg 300w, https:\/\/avecsoimaime71.com\/site\/wp-content\/uploads\/2025\/08\/nora-150x150.jpg 150w\" sizes=\"(max-width: 487px) 100vw, 487px\" \/>                                            <\/a>\n                                            <h3 class=\"tab__post--title\"><a href=\"https:\/\/avecsoimaime71.com\/site\/nora-2\/\">Nora<\/a><\/h3>\n                                        <\/div>\n                                    <\/div>\n                                                                                   <div class=\"clearfix\"><\/div>\n                    <\/div>\n                                    <div class=\"tabItem \">\n                                                                                            <div class=\"tab__post__single--item ekit___column-2 tablet- mobile- post-count-3 tab__post__single--item ekit___column-2 tablet- mobile- post-count-3 tab__post__single--item ekit___column-2 tablet- mobile- post-count-3 tab__post__single--item ekit___column-2 tablet- mobile- post-count-3\">\n                                        <div class=\"tab__post__single--inner\">\n                                            <a href=\"https:\/\/avecsoimaime71.com\/site\/adresses-utiles\/\" class=\"tab__post--header\" aria-label=\"url\">\n                                                <img loading=\"lazy\" decoding=\"async\" width=\"466\" height=\"465\" src=\"https:\/\/avecsoimaime71.com\/site\/wp-content\/uploads\/2025\/11\/page-accueil-informer-adresses-utiles-2.png\" class=\"attachment-post-thumbnail size-post-thumbnail wp-post-image\" alt=\"\" srcset=\"https:\/\/avecsoimaime71.com\/site\/wp-content\/uploads\/2025\/11\/page-accueil-informer-adresses-utiles-2.png 466w, https:\/\/avecsoimaime71.com\/site\/wp-content\/uploads\/2025\/11\/page-accueil-informer-adresses-utiles-2-300x300.png 300w, https:\/\/avecsoimaime71.com\/site\/wp-content\/uploads\/2025\/11\/page-accueil-informer-adresses-utiles-2-150x150.png 150w\" sizes=\"(max-width: 466px) 100vw, 466px\" \/>                                            <\/a>\n                                            <h3 class=\"tab__post--title\"><a href=\"https:\/\/avecsoimaime71.com\/site\/adresses-utiles\/\">Adresses utiles<\/a><\/h3>\n                                        <\/div>\n                                    <\/div>\n                                                                                                                               <div class=\"tab__post__single--item ekit___column-2 tablet- mobile- post-count-3 tab__post__single--item ekit___column-2 tablet- mobile- post-count-3 tab__post__single--item ekit___column-2 tablet- mobile- post-count-3 tab__post__single--item ekit___column-2 tablet- mobile- post-count-3\">\n                                        <div class=\"tab__post__single--inner\">\n                                            <a href=\"https:\/\/avecsoimaime71.com\/site\/veille\/\" class=\"tab__post--header\" aria-label=\"url\">\n                                                <img loading=\"lazy\" decoding=\"async\" width=\"706\" height=\"470\" src=\"https:\/\/avecsoimaime71.com\/site\/wp-content\/uploads\/2025\/11\/page-accueil-informer-veille.png\" class=\"attachment-post-thumbnail size-post-thumbnail wp-post-image\" alt=\"\" srcset=\"https:\/\/avecsoimaime71.com\/site\/wp-content\/uploads\/2025\/11\/page-accueil-informer-veille.png 706w, https:\/\/avecsoimaime71.com\/site\/wp-content\/uploads\/2025\/11\/page-accueil-informer-veille-300x200.png 300w\" sizes=\"(max-width: 706px) 100vw, 706px\" \/>                                            <\/a>\n                                            <h3 class=\"tab__post--title\"><a href=\"https:\/\/avecsoimaime71.com\/site\/veille\/\">Veille<\/a><\/h3>\n                                        <\/div>\n                                    <\/div>\n                                                                                                                               <div class=\"tab__post__single--item ekit___column-2 tablet- mobile- post-count-3 tab__post__single--item ekit___column-2 tablet- mobile- post-count-3 tab__post__single--item ekit___column-2 tablet- mobile- post-count-3 tab__post__single--item ekit___column-2 tablet- mobile- post-count-3\">\n                                        <div class=\"tab__post__single--inner\">\n                                            <a href=\"https:\/\/avecsoimaime71.com\/site\/formations-aidants\/\" class=\"tab__post--header\" aria-label=\"url\">\n                                                <img loading=\"lazy\" decoding=\"async\" width=\"705\" height=\"470\" src=\"https:\/\/avecsoimaime71.com\/site\/wp-content\/uploads\/2025\/11\/page-accueil-informer-formation-aidants.png\" class=\"attachment-post-thumbnail size-post-thumbnail wp-post-image\" alt=\"\" srcset=\"https:\/\/avecsoimaime71.com\/site\/wp-content\/uploads\/2025\/11\/page-accueil-informer-formation-aidants.png 705w, https:\/\/avecsoimaime71.com\/site\/wp-content\/uploads\/2025\/11\/page-accueil-informer-formation-aidants-300x200.png 300w\" sizes=\"(max-width: 705px) 100vw, 705px\" \/>                                            <\/a>\n                                            <h3 class=\"tab__post--title\"><a href=\"https:\/\/avecsoimaime71.com\/site\/formations-aidants\/\">Formations aidants<\/a><\/h3>\n                                        <\/div>\n                                    <\/div>\n                                                                                   <div class=\"clearfix\"><\/div>\n                    <\/div>\n                                    <div class=\"tabItem \">\n                                                                                            <div class=\"tab__post__single--item ekit___column-2 tablet- mobile- post-count-3 tab__post__single--item ekit___column-2 tablet- mobile- post-count-3 tab__post__single--item ekit___column-2 tablet- mobile- post-count-3 tab__post__single--item ekit___column-2 tablet- mobile- post-count-3 tab__post__single--item ekit___column-2 tablet- mobile- post-count-3\">\n                                        <div class=\"tab__post__single--inner\">\n                                            <a href=\"https:\/\/avecsoimaime71.com\/site\/\" class=\"tab__post--header\" aria-label=\"url\">\n                                                <img loading=\"lazy\" decoding=\"async\" width=\"492\" height=\"583\" src=\"https:\/\/avecsoimaime71.com\/site\/wp-content\/uploads\/2025\/08\/portrait-alex.jpg\" class=\"attachment-post-thumbnail size-post-thumbnail wp-post-image\" alt=\"\" srcset=\"https:\/\/avecsoimaime71.com\/site\/wp-content\/uploads\/2025\/08\/portrait-alex.jpg 492w, https:\/\/avecsoimaime71.com\/site\/wp-content\/uploads\/2025\/08\/portrait-alex-253x300.jpg 253w\" sizes=\"(max-width: 492px) 100vw, 492px\" \/>                                            <\/a>\n                                            <h3 class=\"tab__post--title\"><a href=\"https:\/\/avecsoimaime71.com\/site\/\">Alexandre<\/a><\/h3>\n                                        <\/div>\n                                    <\/div>\n                                                                                                                               <div class=\"tab__post__single--item ekit___column-2 tablet- mobile- post-count-3 tab__post__single--item ekit___column-2 tablet- mobile- post-count-3 tab__post__single--item ekit___column-2 tablet- mobile- post-count-3 tab__post__single--item ekit___column-2 tablet- mobile- post-count-3 tab__post__single--item ekit___column-2 tablet- mobile- post-count-3\">\n                                        <div class=\"tab__post__single--inner\">\n                                            <a href=\"https:\/\/avecsoimaime71.com\/site\/\" class=\"tab__post--header\" aria-label=\"url\">\n                                                <img loading=\"lazy\" decoding=\"async\" width=\"1703\" height=\"2560\" src=\"https:\/\/avecsoimaime71.com\/site\/wp-content\/uploads\/2025\/11\/audrey-massage-hamma-assis-scaled-1.jpg\" class=\"attachment-post-thumbnail size-post-thumbnail wp-post-image\" alt=\"\" srcset=\"https:\/\/avecsoimaime71.com\/site\/wp-content\/uploads\/2025\/11\/audrey-massage-hamma-assis-scaled-1.jpg 1703w, https:\/\/avecsoimaime71.com\/site\/wp-content\/uploads\/2025\/11\/audrey-massage-hamma-assis-scaled-1-200x300.jpg 200w, https:\/\/avecsoimaime71.com\/site\/wp-content\/uploads\/2025\/11\/audrey-massage-hamma-assis-scaled-1-681x1024.jpg 681w, https:\/\/avecsoimaime71.com\/site\/wp-content\/uploads\/2025\/11\/audrey-massage-hamma-assis-scaled-1-768x1154.jpg 768w, https:\/\/avecsoimaime71.com\/site\/wp-content\/uploads\/2025\/11\/audrey-massage-hamma-assis-scaled-1-1022x1536.jpg 1022w, https:\/\/avecsoimaime71.com\/site\/wp-content\/uploads\/2025\/11\/audrey-massage-hamma-assis-scaled-1-1362x2048.jpg 1362w\" sizes=\"(max-width: 1703px) 100vw, 1703px\" \/>                                            <\/a>\n                                            <h3 class=\"tab__post--title\"><a href=\"https:\/\/avecsoimaime71.com\/site\/\">Audrey<\/a><\/h3>\n                                        <\/div>\n                                    <\/div>\n                                                                                                                               <div class=\"tab__post__single--item ekit___column-2 tablet- mobile- post-count-3 tab__post__single--item ekit___column-2 tablet- mobile- post-count-3 tab__post__single--item ekit___column-2 tablet- mobile- post-count-3 tab__post__single--item ekit___column-2 tablet- mobile- post-count-3 tab__post__single--item ekit___column-2 tablet- mobile- post-count-3\">\n                                        <div class=\"tab__post__single--inner\">\n                                            <a href=\"https:\/\/avecsoimaime71.com\/site\/elisabeth\/\" class=\"tab__post--header\" aria-label=\"url\">\n                                                <img loading=\"lazy\" decoding=\"async\" width=\"1276\" height=\"1276\" src=\"https:\/\/avecsoimaime71.com\/site\/wp-content\/uploads\/2025\/08\/elisabeth-shiatsu-et-reflexologie-plantaire.png\" class=\"attachment-post-thumbnail size-post-thumbnail wp-post-image\" alt=\"\" srcset=\"https:\/\/avecsoimaime71.com\/site\/wp-content\/uploads\/2025\/08\/elisabeth-shiatsu-et-reflexologie-plantaire.png 1276w, https:\/\/avecsoimaime71.com\/site\/wp-content\/uploads\/2025\/08\/elisabeth-shiatsu-et-reflexologie-plantaire-300x300.png 300w, https:\/\/avecsoimaime71.com\/site\/wp-content\/uploads\/2025\/08\/elisabeth-shiatsu-et-reflexologie-plantaire-1024x1024.png 1024w, https:\/\/avecsoimaime71.com\/site\/wp-content\/uploads\/2025\/08\/elisabeth-shiatsu-et-reflexologie-plantaire-150x150.png 150w, https:\/\/avecsoimaime71.com\/site\/wp-content\/uploads\/2025\/08\/elisabeth-shiatsu-et-reflexologie-plantaire-768x768.png 768w\" sizes=\"(max-width: 1276px) 100vw, 1276px\" \/>                                            <\/a>\n                                            <h3 class=\"tab__post--title\"><a href=\"https:\/\/avecsoimaime71.com\/site\/elisabeth\/\">\u00c9lisabeth<\/a><\/h3>\n                                        <\/div>\n                                    <\/div>\n                                                                                   <div class=\"clearfix\"><\/div>\n                    <\/div>\n                                    <div class=\"tabItem \">\n                                                                                            <div class=\"tab__post__single--item ekit___column-2 tablet- mobile- post-count-3 tab__post__single--item ekit___column-2 tablet- mobile- post-count-3 tab__post__single--item ekit___column-2 tablet- mobile- post-count-3 tab__post__single--item ekit___column-2 tablet- mobile- post-count-3 tab__post__single--item ekit___column-2 tablet- mobile- post-count-3 tab__post__single--item ekit___column-2 tablet- mobile- post-count-3\">\n                                        <div class=\"tab__post__single--inner\">\n                                            <a href=\"https:\/\/avecsoimaime71.com\/site\/journal-saone-et-loire-janvier-2026\/\" class=\"tab__post--header\" aria-label=\"url\">\n                                                <img loading=\"lazy\" decoding=\"async\" width=\"526\" height=\"124\" src=\"https:\/\/avecsoimaime71.com\/site\/wp-content\/uploads\/2025\/08\/le-journal-de-saone-et-loire-Logo.png\" class=\"attachment-post-thumbnail size-post-thumbnail wp-post-image\" alt=\"\" srcset=\"https:\/\/avecsoimaime71.com\/site\/wp-content\/uploads\/2025\/08\/le-journal-de-saone-et-loire-Logo.png 526w, https:\/\/avecsoimaime71.com\/site\/wp-content\/uploads\/2025\/08\/le-journal-de-saone-et-loire-Logo-300x71.png 300w\" sizes=\"(max-width: 526px) 100vw, 526px\" \/>                                            <\/a>\n                                            <h3 class=\"tab__post--title\"><a href=\"https:\/\/avecsoimaime71.com\/site\/journal-saone-et-loire-janvier-2026\/\">Journal Sa\u00f4ne et Loire  Janvier 2026<\/a><\/h3>\n                                        <\/div>\n                                    <\/div>\n                                                                                                                               <div class=\"tab__post__single--item ekit___column-2 tablet- mobile- post-count-3 tab__post__single--item ekit___column-2 tablet- mobile- post-count-3 tab__post__single--item ekit___column-2 tablet- mobile- post-count-3 tab__post__single--item ekit___column-2 tablet- mobile- post-count-3 tab__post__single--item ekit___column-2 tablet- mobile- post-count-3 tab__post__single--item ekit___column-2 tablet- mobile- post-count-3\">\n                                        <div class=\"tab__post__single--inner\">\n                                            <a href=\"https:\/\/avecsoimaime71.com\/site\/journal-saone-et-loire-decembre-2025\/\" class=\"tab__post--header\" aria-label=\"url\">\n                                                <img loading=\"lazy\" decoding=\"async\" width=\"526\" height=\"124\" src=\"https:\/\/avecsoimaime71.com\/site\/wp-content\/uploads\/2025\/08\/le-journal-de-saone-et-loire-Logo.png\" class=\"attachment-post-thumbnail size-post-thumbnail wp-post-image\" alt=\"\" srcset=\"https:\/\/avecsoimaime71.com\/site\/wp-content\/uploads\/2025\/08\/le-journal-de-saone-et-loire-Logo.png 526w, https:\/\/avecsoimaime71.com\/site\/wp-content\/uploads\/2025\/08\/le-journal-de-saone-et-loire-Logo-300x71.png 300w\" sizes=\"(max-width: 526px) 100vw, 526px\" \/>                                            <\/a>\n                                            <h3 class=\"tab__post--title\"><a href=\"https:\/\/avecsoimaime71.com\/site\/journal-saone-et-loire-decembre-2025\/\">Journal Sa\u00f4ne et Loire D\u00e9cembre 2025<\/a><\/h3>\n                                        <\/div>\n                                    <\/div>\n                                                                                                                               <div class=\"tab__post__single--item ekit___column-2 tablet- mobile- post-count-3 tab__post__single--item ekit___column-2 tablet- mobile- post-count-3 tab__post__single--item ekit___column-2 tablet- mobile- post-count-3 tab__post__single--item ekit___column-2 tablet- mobile- post-count-3 tab__post__single--item ekit___column-2 tablet- mobile- post-count-3 tab__post__single--item ekit___column-2 tablet- mobile- post-count-3\">\n                                        <div class=\"tab__post__single--inner\">\n                                            <a href=\"https:\/\/avecsoimaime71.com\/site\/journal-saone-et-loire-03-fevrier-2025-avec-soi-maime\/\" class=\"tab__post--header\" aria-label=\"url\">\n                                                <img loading=\"lazy\" decoding=\"async\" width=\"526\" height=\"124\" src=\"https:\/\/avecsoimaime71.com\/site\/wp-content\/uploads\/2025\/08\/le-journal-de-saone-et-loire-Logo.png\" class=\"attachment-post-thumbnail size-post-thumbnail wp-post-image\" alt=\"\" srcset=\"https:\/\/avecsoimaime71.com\/site\/wp-content\/uploads\/2025\/08\/le-journal-de-saone-et-loire-Logo.png 526w, https:\/\/avecsoimaime71.com\/site\/wp-content\/uploads\/2025\/08\/le-journal-de-saone-et-loire-Logo-300x71.png 300w\" sizes=\"(max-width: 526px) 100vw, 526px\" \/>                                            <\/a>\n                                            <h3 class=\"tab__post--title\"><a href=\"https:\/\/avecsoimaime71.com\/site\/journal-saone-et-loire-03-fevrier-2025-avec-soi-maime\/\">Journal Sa\u00f4ne et Loire 03 F\u00e9vrier. 2025 &#8230; Avec soi m&rsquo;aime<\/a><\/h3>\n                                        <\/div>\n                                    <\/div>\n                                                                                   <div class=\"clearfix\"><\/div>\n                    <\/div>\n                                    <div class=\"tabItem \">\n                                                                                            <div class=\"tab__post__single--item ekit___column-2 tablet- mobile- post-count-3 tab__post__single--item ekit___column-2 tablet- mobile- post-count-3 tab__post__single--item ekit___column-2 tablet- mobile- post-count-3 tab__post__single--item ekit___column-2 tablet- mobile- post-count-3 tab__post__single--item ekit___column-2 tablet- mobile- post-count-3 tab__post__single--item ekit___column-2 tablet- mobile- post-count-3 tab__post__single--item ekit___column-2 tablet- mobile- post-count-3\">\n                                        <div class=\"tab__post__single--inner\">\n                                            <a href=\"https:\/\/avecsoimaime71.com\/site\/quest-ce-quun-parent-aidant-01\/\" class=\"tab__post--header\" aria-label=\"url\">\n                                                <img loading=\"lazy\" decoding=\"async\" width=\"395\" height=\"395\" src=\"https:\/\/avecsoimaime71.com\/site\/wp-content\/uploads\/2025\/11\/accueil-fond-de-page.jpg\" class=\"attachment-post-thumbnail size-post-thumbnail wp-post-image\" alt=\"\" srcset=\"https:\/\/avecsoimaime71.com\/site\/wp-content\/uploads\/2025\/11\/accueil-fond-de-page.jpg 395w, https:\/\/avecsoimaime71.com\/site\/wp-content\/uploads\/2025\/11\/accueil-fond-de-page-300x300.jpg 300w, https:\/\/avecsoimaime71.com\/site\/wp-content\/uploads\/2025\/11\/accueil-fond-de-page-150x150.jpg 150w\" sizes=\"(max-width: 395px) 100vw, 395px\" \/>                                            <\/a>\n                                            <h3 class=\"tab__post--title\"><a href=\"https:\/\/avecsoimaime71.com\/site\/quest-ce-quun-parent-aidant-01\/\">Qu&rsquo;est ce qu&rsquo;un parent aidant 01<\/a><\/h3>\n                                        <\/div>\n                                    <\/div>\n                                                                                                                               <div class=\"tab__post__single--item ekit___column-2 tablet- mobile- post-count-3 tab__post__single--item ekit___column-2 tablet- mobile- post-count-3 tab__post__single--item ekit___column-2 tablet- mobile- post-count-3 tab__post__single--item ekit___column-2 tablet- mobile- post-count-3 tab__post__single--item ekit___column-2 tablet- mobile- post-count-3 tab__post__single--item ekit___column-2 tablet- mobile- post-count-3 tab__post__single--item ekit___column-2 tablet- mobile- post-count-3\">\n                                        <div class=\"tab__post__single--inner\">\n                                            <a href=\"https:\/\/avecsoimaime71.com\/site\/quest-ce-quun-parent-aidant-02\/\" class=\"tab__post--header\" aria-label=\"url\">\n                                                <img loading=\"lazy\" decoding=\"async\" width=\"395\" height=\"395\" src=\"https:\/\/avecsoimaime71.com\/site\/wp-content\/uploads\/2025\/11\/accueil-fond-de-page.jpg\" class=\"attachment-post-thumbnail size-post-thumbnail wp-post-image\" alt=\"\" srcset=\"https:\/\/avecsoimaime71.com\/site\/wp-content\/uploads\/2025\/11\/accueil-fond-de-page.jpg 395w, https:\/\/avecsoimaime71.com\/site\/wp-content\/uploads\/2025\/11\/accueil-fond-de-page-300x300.jpg 300w, https:\/\/avecsoimaime71.com\/site\/wp-content\/uploads\/2025\/11\/accueil-fond-de-page-150x150.jpg 150w\" sizes=\"(max-width: 395px) 100vw, 395px\" \/>                                            <\/a>\n                                            <h3 class=\"tab__post--title\"><a href=\"https:\/\/avecsoimaime71.com\/site\/quest-ce-quun-parent-aidant-02\/\">Qu&rsquo;est ce qu&rsquo;un parent aidant 02<\/a><\/h3>\n                                        <\/div>\n                                    <\/div>\n                                                                                                                               <div class=\"tab__post__single--item ekit___column-2 tablet- mobile- post-count-3 tab__post__single--item ekit___column-2 tablet- mobile- post-count-3 tab__post__single--item ekit___column-2 tablet- mobile- post-count-3 tab__post__single--item ekit___column-2 tablet- mobile- post-count-3 tab__post__single--item ekit___column-2 tablet- mobile- post-count-3 tab__post__single--item ekit___column-2 tablet- mobile- post-count-3 tab__post__single--item ekit___column-2 tablet- mobile- post-count-3\">\n                                        <div class=\"tab__post__single--inner\">\n                                            <a href=\"https:\/\/avecsoimaime71.com\/site\/quest-ce-quun-parent-aidant-06\/\" class=\"tab__post--header\" aria-label=\"url\">\n                                                <img loading=\"lazy\" decoding=\"async\" width=\"395\" height=\"395\" src=\"https:\/\/avecsoimaime71.com\/site\/wp-content\/uploads\/2025\/11\/accueil-fond-de-page.jpg\" class=\"attachment-post-thumbnail size-post-thumbnail wp-post-image\" alt=\"\" srcset=\"https:\/\/avecsoimaime71.com\/site\/wp-content\/uploads\/2025\/11\/accueil-fond-de-page.jpg 395w, https:\/\/avecsoimaime71.com\/site\/wp-content\/uploads\/2025\/11\/accueil-fond-de-page-300x300.jpg 300w, https:\/\/avecsoimaime71.com\/site\/wp-content\/uploads\/2025\/11\/accueil-fond-de-page-150x150.jpg 150w\" sizes=\"(max-width: 395px) 100vw, 395px\" \/>                                            <\/a>\n                                            <h3 class=\"tab__post--title\"><a href=\"https:\/\/avecsoimaime71.com\/site\/quest-ce-quun-parent-aidant-06\/\">Qu&rsquo;est ce qu&rsquo;un parent aidant 06<\/a><\/h3>\n                                        <\/div>\n                                    <\/div>\n                                                                                   <div class=\"clearfix\"><\/div>\n                    <\/div>\n                            <\/div>\n        <\/div>\n\n    <\/div>\t\t\t\t<\/div>\n\t\t\t\t<\/div>\n\t\t\t\t\t<\/div>\n\t\t\t\t<\/div>\n\t\t<div class=\"elementor-element elementor-element-30f6d71 e-flex e-con-boxed e-con e-parent\" data-id=\"30f6d71\" data-element_type=\"container\" data-e-type=\"container\">\n\t\t\t\t\t<div class=\"e-con-inner\">\n\t\t\t\t<div class=\"elementor-element elementor-element-bbfddd6 elementor-widget elementor-widget-spacer\" data-id=\"bbfddd6\" data-element_type=\"widget\" data-e-type=\"widget\" data-widget_type=\"spacer.default\">\n\t\t\t\t\t\t\t<div class=\"elementor-spacer\">\n\t\t\t<div class=\"elementor-spacer-inner\"><\/div>\n\t\t<\/div>\n\t\t\t\t\t\t<\/div>\n\t\t\t\t<div class=\"elementor-element elementor-element-dbbfce6 elementor-widget elementor-widget-heading\" data-id=\"dbbfce6\" data-element_type=\"widget\" data-e-type=\"widget\" data-widget_type=\"heading.default\">\n\t\t\t\t\t<h2 class=\"elementor-heading-title elementor-size-default\">Articles : En page d'accueil<\/h2>\t\t\t\t<\/div>\n\t\t\t\t<div class=\"elementor-element elementor-element-b440867 elementor-widget elementor-widget-heading\" data-id=\"b440867\" data-element_type=\"widget\" data-e-type=\"widget\" data-widget_type=\"heading.default\">\n\t\t\t\t\t<h2 class=\"elementor-heading-title elementor-size-default\">Post tab<\/h2>\t\t\t\t<\/div>\n\t\t\t\t<div class=\"elementor-element elementor-element-ab94ff9 is-click-yes elementor-widget elementor-widget-elementskit-post-tab\" data-id=\"ab94ff9\" data-element_type=\"widget\" data-e-type=\"widget\" data-widget_type=\"elementskit-post-tab.default\">\n\t\t\t\t<div class=\"elementor-widget-container\">\n\t\t\t\t\t<div class=\"ekit-wid-con\" >\t\t<div class=\"ekit-post-tab post--tab hover--active \">\n            <div class=\"tabHeader\">\n                <div class=\"tab__list\">\n\t\t\t\t\t\t\t\t\t\t\t                        <span class=\"active tab__list__item\">\n                            En page d&#039;accueil                        <\/span>\n\t\t\t\t\t\t                                    <\/div>\n            <\/div>\n            <div class=\"ekit--tab__post__details tabContent\">\n                                    <div class=\"tabItem active\">\n                                                                                            <div class=\"tab__post__single--item ekit___column-2 tablet- mobile- post-count-4\">\n                                        <div class=\"tab__post__single--inner\">\n                                            <a href=\"https:\/\/avecsoimaime71.com\/site\/journal-saone-et-loire-janvier-2026\/\" class=\"tab__post--header\" aria-label=\"url\">\n                                                <img loading=\"lazy\" decoding=\"async\" width=\"526\" height=\"124\" src=\"https:\/\/avecsoimaime71.com\/site\/wp-content\/uploads\/2025\/08\/le-journal-de-saone-et-loire-Logo.png\" class=\"attachment-post-thumbnail size-post-thumbnail wp-post-image\" alt=\"\" srcset=\"https:\/\/avecsoimaime71.com\/site\/wp-content\/uploads\/2025\/08\/le-journal-de-saone-et-loire-Logo.png 526w, https:\/\/avecsoimaime71.com\/site\/wp-content\/uploads\/2025\/08\/le-journal-de-saone-et-loire-Logo-300x71.png 300w\" sizes=\"(max-width: 526px) 100vw, 526px\" \/>                                            <\/a>\n                                            <h3 class=\"tab__post--title\"><a href=\"https:\/\/avecsoimaime71.com\/site\/journal-saone-et-loire-janvier-2026\/\">Journal Sa\u00f4ne et Loire  Janvier 2026<\/a><\/h3>\n                                        <\/div>\n                                    <\/div>\n                                                                                                                               <div class=\"tab__post__single--item ekit___column-2 tablet- mobile- post-count-4\">\n                                        <div class=\"tab__post__single--inner\">\n                                            <a href=\"https:\/\/avecsoimaime71.com\/site\/journal-saone-et-loire-decembre-2025\/\" class=\"tab__post--header\" aria-label=\"url\">\n                                                <img loading=\"lazy\" decoding=\"async\" width=\"526\" height=\"124\" src=\"https:\/\/avecsoimaime71.com\/site\/wp-content\/uploads\/2025\/08\/le-journal-de-saone-et-loire-Logo.png\" class=\"attachment-post-thumbnail size-post-thumbnail wp-post-image\" alt=\"\" srcset=\"https:\/\/avecsoimaime71.com\/site\/wp-content\/uploads\/2025\/08\/le-journal-de-saone-et-loire-Logo.png 526w, https:\/\/avecsoimaime71.com\/site\/wp-content\/uploads\/2025\/08\/le-journal-de-saone-et-loire-Logo-300x71.png 300w\" sizes=\"(max-width: 526px) 100vw, 526px\" \/>                                            <\/a>\n                                            <h3 class=\"tab__post--title\"><a href=\"https:\/\/avecsoimaime71.com\/site\/journal-saone-et-loire-decembre-2025\/\">Journal Sa\u00f4ne et Loire D\u00e9cembre 2025<\/a><\/h3>\n                                        <\/div>\n                                    <\/div>\n                                                                                                                               <div class=\"tab__post__single--item ekit___column-2 tablet- mobile- post-count-4\">\n                                        <div class=\"tab__post__single--inner\">\n                                            <a href=\"https:\/\/avecsoimaime71.com\/site\/journal-saone-et-loire-03-fevrier-2025-avec-soi-maime\/\" class=\"tab__post--header\" aria-label=\"url\">\n                                                <img loading=\"lazy\" decoding=\"async\" width=\"526\" height=\"124\" src=\"https:\/\/avecsoimaime71.com\/site\/wp-content\/uploads\/2025\/08\/le-journal-de-saone-et-loire-Logo.png\" class=\"attachment-post-thumbnail size-post-thumbnail wp-post-image\" alt=\"\" srcset=\"https:\/\/avecsoimaime71.com\/site\/wp-content\/uploads\/2025\/08\/le-journal-de-saone-et-loire-Logo.png 526w, https:\/\/avecsoimaime71.com\/site\/wp-content\/uploads\/2025\/08\/le-journal-de-saone-et-loire-Logo-300x71.png 300w\" sizes=\"(max-width: 526px) 100vw, 526px\" \/>                                            <\/a>\n                                            <h3 class=\"tab__post--title\"><a href=\"https:\/\/avecsoimaime71.com\/site\/journal-saone-et-loire-03-fevrier-2025-avec-soi-maime\/\">Journal Sa\u00f4ne et Loire 03 F\u00e9vrier. 2025 &#8230; Avec soi m&rsquo;aime<\/a><\/h3>\n                                        <\/div>\n                                    <\/div>\n                                                                                                                                              <div class=\"clearfix\"><\/div>\n                    <\/div>\n                            <\/div>\n        <\/div>\n\n    <\/div>\t\t\t\t<\/div>\n\t\t\t\t<\/div>\n\t\t\t\t\t<\/div>\n\t\t\t\t<\/div>\n\t\t<div class=\"elementor-element elementor-element-f74843b e-flex e-con-boxed e-con e-parent\" data-id=\"f74843b\" data-element_type=\"container\" data-e-type=\"container\">\n\t\t\t\t\t<div class=\"e-con-inner\">\n\t\t\t\t<div class=\"elementor-element elementor-element-da5f0a8 elementor-widget elementor-widget-spacer\" data-id=\"da5f0a8\" data-element_type=\"widget\" data-e-type=\"widget\" data-widget_type=\"spacer.default\">\n\t\t\t\t\t\t\t<div class=\"elementor-spacer\">\n\t\t\t<div class=\"elementor-spacer-inner\"><\/div>\n\t\t<\/div>\n\t\t\t\t\t\t<\/div>\n\t\t\t\t<div class=\"elementor-element elementor-element-84481be elementor-widget elementor-widget-heading\" data-id=\"84481be\" data-element_type=\"widget\" data-e-type=\"widget\" data-widget_type=\"heading.default\">\n\t\t\t\t\t<h2 class=\"elementor-heading-title elementor-size-default\">Toutes les articles publi\u00e9s, <br>les derniers en premier<\/h2>\t\t\t\t<\/div>\n\t\t\t\t<div class=\"elementor-element elementor-element-cae3224 elementor-widget elementor-widget-heading\" data-id=\"cae3224\" data-element_type=\"widget\" data-e-type=\"widget\" data-widget_type=\"heading.default\">\n\t\t\t\t\t<h2 class=\"elementor-heading-title elementor-size-default\">Basic posts<\/h2>\t\t\t\t<\/div>\n\t\t\t\t\t<\/div>\n\t\t\t\t<\/div>\n\t\t<div class=\"elementor-element elementor-element-2ae2a11 e-flex e-con-boxed e-con e-parent\" data-id=\"2ae2a11\" data-element_type=\"container\" data-e-type=\"container\">\n\t\t\t\t\t<div class=\"e-con-inner\">\n\t\t\t\t<div class=\"elementor-element elementor-element-40c9ad2 elementor-widget elementor-widget-hfe-basic-posts\" data-id=\"40c9ad2\" data-element_type=\"widget\" data-e-type=\"widget\" data-widget_type=\"hfe-basic-posts.default\">\n\t\t\t\t<div class=\"elementor-widget-container\">\n\t\t\t\t\t\n<div class=\"hfe-posts-grid\">\n\t\t\t<article class=\"hfe-post-card\">\n\t\t\t\t\t\t\t<div class=\"hfe-post-image\">\n\t\t\t\t\t<a href=\"https:\/\/avecsoimaime71.com\/site\/journal-saone-et-loire-janvier-2026\/\" rel=\"bookmark\">\n\t\t\t\t\t\t<img loading=\"lazy\" decoding=\"async\" width=\"150\" height=\"124\" src=\"https:\/\/avecsoimaime71.com\/site\/wp-content\/uploads\/2025\/08\/le-journal-de-saone-et-loire-Logo-150x124.png\" class=\"attachment-thumbnail size-thumbnail wp-post-image\" alt=\"Journal Sa\u00f4ne et Loire  Janvier 2026\" loading=\"lazy\" \/>\t\t\t\t\t<\/a>\n\t\t\t\t<\/div>\n\t\t\t\n\t\t\t<div class=\"hfe-post-content\">\n\t\t\t\t\t\t\t\t\t<h6 class=\"hfe-post-title\">\n\t\t\t\t\t\t<a href=\"https:\/\/avecsoimaime71.com\/site\/journal-saone-et-loire-janvier-2026\/\" rel=\"bookmark\">\n\t\t\t\t\t\t\tJournal Sa\u00f4ne et Loire  Janvier 2026\t\t\t\t\t\t<\/a>\n\t\t\t\t\t<\/h6>\n\t\t\t\t\n\t\t\t\t\t\t\t\t\t<div class=\"hfe-post-meta\">\n\t\t\t\t\t\t<span class=\"hfe-post-date\">3 janvier 2026<\/span><span class=\"hfe-meta-separator\"> | <\/span><span class=\"hfe-post-author\">by wmBDYasm71-COM-site01-0565<\/span><span class=\"hfe-meta-separator\"> | <\/span><span class=\"hfe-post-comments\">Pas de commentaires<\/span>\t\t\t\t\t<\/div>\n\t\t\t\t\n\t\t\t\t\t\t\t\t\t<div class=\"hfe-post-excerpt\">\n\t\t\t\t\t\tPowered By EmbedPress\t\t\t\t\t<\/div>\n\t\t\t\t\n\t\t\t\t\t\t\t\t\t<a href=\"https:\/\/avecsoimaime71.com\/site\/journal-saone-et-loire-janvier-2026\/\" class=\"hfe-read-more\" rel=\"bookmark\">\n\t\t\t\t\t\tEn savoir plus \u2192\t\t\t\t\t<\/a>\n\t\t\t\t\t\t\t<\/div>\n\t\t<\/article>\n\t\t\t\t<article class=\"hfe-post-card\">\n\t\t\t\t\t\t\t<div class=\"hfe-post-image\">\n\t\t\t\t\t<a href=\"https:\/\/avecsoimaime71.com\/site\/\" rel=\"bookmark\">\n\t\t\t\t\t\t<img loading=\"lazy\" decoding=\"async\" width=\"150\" height=\"150\" src=\"https:\/\/avecsoimaime71.com\/site\/wp-content\/uploads\/2025\/08\/portrait-alex-150x150.jpg\" class=\"attachment-thumbnail size-thumbnail wp-post-image\" alt=\"Alexandre\" loading=\"lazy\" \/>\t\t\t\t\t<\/a>\n\t\t\t\t<\/div>\n\t\t\t\n\t\t\t<div class=\"hfe-post-content\">\n\t\t\t\t\t\t\t\t\t<h6 class=\"hfe-post-title\">\n\t\t\t\t\t\t<a href=\"https:\/\/avecsoimaime71.com\/site\/\" rel=\"bookmark\">\n\t\t\t\t\t\t\tAlexandre\t\t\t\t\t\t<\/a>\n\t\t\t\t\t<\/h6>\n\t\t\t\t\n\t\t\t\t\t\t\t\t\t<div class=\"hfe-post-meta\">\n\t\t\t\t\t\t<span class=\"hfe-post-date\">1 d\u00e9cembre 2025<\/span><span class=\"hfe-meta-separator\"> | <\/span><span class=\"hfe-post-author\">by wmBDYasmsecu03875<\/span><span class=\"hfe-meta-separator\"> | <\/span><span class=\"hfe-post-comments\">Pas de commentaires<\/span>\t\t\t\t\t<\/div>\n\t\t\t\t\n\t\t\t\t\t\t\t\t\t<div class=\"hfe-post-excerpt\">\n\t\t\t\t\t\tQui suis-je ? De part mon ancien m\u00e9tier, j&rsquo;ai longtemps \u00e9volu\u00e9 dans un environnement o\u00f9 l&rsquo;\u00e9coute et la pr\u00e9sence sont...\t\t\t\t\t<\/div>\n\t\t\t\t\n\t\t\t\t\t\t\t\t\t<a href=\"https:\/\/avecsoimaime71.com\/site\/\" class=\"hfe-read-more\" rel=\"bookmark\">\n\t\t\t\t\t\tEn savoir plus \u2192\t\t\t\t\t<\/a>\n\t\t\t\t\t\t\t<\/div>\n\t\t<\/article>\n\t\t\t\t<article class=\"hfe-post-card\">\n\t\t\t\t\t\t\t<div class=\"hfe-post-image\">\n\t\t\t\t\t<a href=\"https:\/\/avecsoimaime71.com\/site\/\" rel=\"bookmark\">\n\t\t\t\t\t\t<img loading=\"lazy\" decoding=\"async\" width=\"150\" height=\"150\" src=\"https:\/\/avecsoimaime71.com\/site\/wp-content\/uploads\/2025\/11\/audrey-massage-hamma-assis-scaled-1-150x150.jpg\" class=\"attachment-thumbnail size-thumbnail wp-post-image\" alt=\"Audrey\" loading=\"lazy\" \/>\t\t\t\t\t<\/a>\n\t\t\t\t<\/div>\n\t\t\t\n\t\t\t<div class=\"hfe-post-content\">\n\t\t\t\t\t\t\t\t\t<h6 class=\"hfe-post-title\">\n\t\t\t\t\t\t<a href=\"https:\/\/avecsoimaime71.com\/site\/\" rel=\"bookmark\">\n\t\t\t\t\t\t\tAudrey\t\t\t\t\t\t<\/a>\n\t\t\t\t\t<\/h6>\n\t\t\t\t\n\t\t\t\t\t\t\t\t\t<div class=\"hfe-post-meta\">\n\t\t\t\t\t\t<span class=\"hfe-post-date\">1 d\u00e9cembre 2025<\/span><span class=\"hfe-meta-separator\"> | <\/span><span class=\"hfe-post-author\">by wmBDYasmsecu03875<\/span><span class=\"hfe-meta-separator\"> | <\/span><span class=\"hfe-post-comments\">Pas de commentaires<\/span>\t\t\t\t\t<\/div>\n\t\t\t\t\n\t\t\t\t\t\t\t\t\t<div class=\"hfe-post-excerpt\">\n\t\t\t\t\t\tTITRE Audrey Massage Amma Assis Texte Audrey Massage Amma Assis Lorem ipsum dolor sit amet, consectetur adipiscing elit. Ut elit...\t\t\t\t\t<\/div>\n\t\t\t\t\n\t\t\t\t\t\t\t\t\t<a href=\"https:\/\/avecsoimaime71.com\/site\/\" class=\"hfe-read-more\" rel=\"bookmark\">\n\t\t\t\t\t\tEn savoir plus \u2192\t\t\t\t\t<\/a>\n\t\t\t\t\t\t\t<\/div>\n\t\t<\/article>\n\t\t\t\t<article class=\"hfe-post-card\">\n\t\t\t\t\t\t\t<div class=\"hfe-post-image\">\n\t\t\t\t\t<a href=\"https:\/\/avecsoimaime71.com\/site\/journal-saone-et-loire-decembre-2025\/\" rel=\"bookmark\">\n\t\t\t\t\t\t<img loading=\"lazy\" decoding=\"async\" width=\"150\" height=\"124\" src=\"https:\/\/avecsoimaime71.com\/site\/wp-content\/uploads\/2025\/08\/le-journal-de-saone-et-loire-Logo-150x124.png\" class=\"attachment-thumbnail size-thumbnail wp-post-image\" alt=\"Journal Sa\u00f4ne et Loire D\u00e9cembre 2025\" loading=\"lazy\" \/>\t\t\t\t\t<\/a>\n\t\t\t\t<\/div>\n\t\t\t\n\t\t\t<div class=\"hfe-post-content\">\n\t\t\t\t\t\t\t\t\t<h6 class=\"hfe-post-title\">\n\t\t\t\t\t\t<a href=\"https:\/\/avecsoimaime71.com\/site\/journal-saone-et-loire-decembre-2025\/\" rel=\"bookmark\">\n\t\t\t\t\t\t\tJournal Sa\u00f4ne et Loire D\u00e9cembre 2025\t\t\t\t\t\t<\/a>\n\t\t\t\t\t<\/h6>\n\t\t\t\t\n\t\t\t\t\t\t\t\t\t<div class=\"hfe-post-meta\">\n\t\t\t\t\t\t<span class=\"hfe-post-date\">1 d\u00e9cembre 2025<\/span><span class=\"hfe-meta-separator\"> | <\/span><span class=\"hfe-post-author\">by wmBDYasm71-COM-site01-0565<\/span><span class=\"hfe-meta-separator\"> | <\/span><span class=\"hfe-post-comments\">Pas de commentaires<\/span>\t\t\t\t\t<\/div>\n\t\t\t\t\n\t\t\t\t\t\t\t\t\t<div class=\"hfe-post-excerpt\">\n\t\t\t\t\t\t\t\t\t\t\t<\/div>\n\t\t\t\t\n\t\t\t\t\t\t\t\t\t<a href=\"https:\/\/avecsoimaime71.com\/site\/journal-saone-et-loire-decembre-2025\/\" class=\"hfe-read-more\" rel=\"bookmark\">\n\t\t\t\t\t\tEn savoir plus \u2192\t\t\t\t\t<\/a>\n\t\t\t\t\t\t\t<\/div>\n\t\t<\/article>\n\t\t\t\t<article class=\"hfe-post-card\">\n\t\t\t\n\t\t\t<div class=\"hfe-post-content\">\n\t\t\t\t\t\t\t\t\t<h6 class=\"hfe-post-title\">\n\t\t\t\t\t\t<a href=\"https:\/\/avecsoimaime71.com\/site\/bonjour-tout-le-monde\/\" rel=\"bookmark\">\n\t\t\t\t\t\t\tBonjour tout le monde\u00a0!\t\t\t\t\t\t<\/a>\n\t\t\t\t\t<\/h6>\n\t\t\t\t\n\t\t\t\t\t\t\t\t\t<div class=\"hfe-post-meta\">\n\t\t\t\t\t\t<span class=\"hfe-post-date\">29 novembre 2025<\/span><span class=\"hfe-meta-separator\"> | <\/span><span class=\"hfe-post-author\">by wmBDYasm71-COM-site01-0565<\/span><span class=\"hfe-meta-separator\"> | <\/span><span class=\"hfe-post-comments\">1 Comment<\/span>\t\t\t\t\t<\/div>\n\t\t\t\t\n\t\t\t\t\t\t\t\t\t<div class=\"hfe-post-excerpt\">\n\t\t\t\t\t\tBienvenue sur WordPress. Ceci est votre premier article. Modifiez-le ou supprimez-le, puis commencez \u00e0 \u00e9crire\u00a0!\t\t\t\t\t<\/div>\n\t\t\t\t\n\t\t\t\t\t\t\t\t\t<a href=\"https:\/\/avecsoimaime71.com\/site\/bonjour-tout-le-monde\/\" class=\"hfe-read-more\" rel=\"bookmark\">\n\t\t\t\t\t\tEn savoir plus \u2192\t\t\t\t\t<\/a>\n\t\t\t\t\t\t\t<\/div>\n\t\t<\/article>\n\t\t\t\t<article class=\"hfe-post-card\">\n\t\t\t\t\t\t\t<div class=\"hfe-post-image\">\n\t\t\t\t\t<a href=\"https:\/\/avecsoimaime71.com\/site\/quest-ce-quun-parent-aidant-01\/\" rel=\"bookmark\">\n\t\t\t\t\t\t<img loading=\"lazy\" decoding=\"async\" width=\"150\" height=\"150\" src=\"https:\/\/avecsoimaime71.com\/site\/wp-content\/uploads\/2025\/11\/accueil-fond-de-page-150x150.jpg\" class=\"attachment-thumbnail size-thumbnail wp-post-image\" alt=\"Qu&rsquo;est ce qu&rsquo;un parent aidant 01\" loading=\"lazy\" srcset=\"https:\/\/avecsoimaime71.com\/site\/wp-content\/uploads\/2025\/11\/accueil-fond-de-page-150x150.jpg 150w, https:\/\/avecsoimaime71.com\/site\/wp-content\/uploads\/2025\/11\/accueil-fond-de-page-300x300.jpg 300w, https:\/\/avecsoimaime71.com\/site\/wp-content\/uploads\/2025\/11\/accueil-fond-de-page.jpg 395w\" sizes=\"auto, (max-width: 150px) 100vw, 150px\" \/>\t\t\t\t\t<\/a>\n\t\t\t\t<\/div>\n\t\t\t\n\t\t\t<div class=\"hfe-post-content\">\n\t\t\t\t\t\t\t\t\t<h6 class=\"hfe-post-title\">\n\t\t\t\t\t\t<a href=\"https:\/\/avecsoimaime71.com\/site\/quest-ce-quun-parent-aidant-01\/\" rel=\"bookmark\">\n\t\t\t\t\t\t\tQu&rsquo;est ce qu&rsquo;un parent aidant 01\t\t\t\t\t\t<\/a>\n\t\t\t\t\t<\/h6>\n\t\t\t\t\n\t\t\t\t\t\t\t\t\t<div class=\"hfe-post-meta\">\n\t\t\t\t\t\t<span class=\"hfe-post-date\">23 novembre 2025<\/span><span class=\"hfe-meta-separator\"> | <\/span><span class=\"hfe-post-author\">by wmBDYasmsecu03875<\/span><span class=\"hfe-meta-separator\"> | <\/span><span class=\"hfe-post-comments\">1 Comment<\/span>\t\t\t\t\t<\/div>\n\t\t\t\t\n\t\t\t\t\t\t\t\t\t<div class=\"hfe-post-excerpt\">\n\t\t\t\t\t\tProche aidant Que l&rsquo;aid\u00e9 soit une personne \u00e2g\u00e9e, un adulte ou un enfant, en situation de handicap, de perte d&rsquo;autonomie...\t\t\t\t\t<\/div>\n\t\t\t\t\n\t\t\t\t\t\t\t\t\t<a href=\"https:\/\/avecsoimaime71.com\/site\/quest-ce-quun-parent-aidant-01\/\" class=\"hfe-read-more\" rel=\"bookmark\">\n\t\t\t\t\t\tEn savoir plus \u2192\t\t\t\t\t<\/a>\n\t\t\t\t\t\t\t<\/div>\n\t\t<\/article>\n\t\t<\/div>\n\t\t\t\t<\/div>\n\t\t\t\t<\/div>\n\t\t\t\t\t<\/div>\n\t\t\t\t<\/div>\n\t\t\t\t<\/div>\n\t\t","protected":false},"excerpt":{"rendered":"<p>Tous nos articles publi\u00e9s,par ordre alphab\u00e9tique croissant des titres Post grid Soutenir Accompagnement administratif Soutenir les familles dans leurs d\u00e9marches [&hellip;]<\/p>\n","protected":false},"author":1,"featured_media":2142,"parent":0,"menu_order":1,"comment_status":"closed","ping_status":"closed","template":"","meta":{"site-sidebar-layout":"right-sidebar","site-content-layout":"","ast-site-content-layout":"default","site-content-style":"default","site-sidebar-style":"default","ast-global-header-display":"","ast-banner-title-visibility":"","ast-main-header-display":"","ast-hfb-above-header-display":"","ast-hfb-below-header-display":"","ast-hfb-mobile-header-display":"","site-post-title":"","ast-breadcrumbs-content":"","ast-featured-img":"","footer-sml-layout":"","ast-disable-related-posts":"","theme-transparent-header-meta":"default","adv-header-id-meta":"","stick-header-meta":"","header-above-stick-meta":"","header-main-stick-meta":"","header-below-stick-meta":"","astra-migrate-meta-layouts":"set","ast-page-background-enabled":"default","ast-page-background-meta":{"desktop":{"background-color":"var(--ast-global-color-5)","background-image":"","background-repeat":"repeat","background-position":"center center","background-size":"auto","background-attachment":"scroll","background-type":"","background-media":"","overlay-type":"","overlay-color":"","overlay-opacity":"","overlay-gradient":""},"tablet":{"background-color":"","background-image":"","background-repeat":"repeat","background-position":"center center","background-size":"auto","background-attachment":"scroll","background-type":"","background-media":"","overlay-type":"","overlay-color":"","overlay-opacity":"","overlay-gradient":""},"mobile":{"background-color":"","background-image":"","background-repeat":"repeat","background-position":"center center","background-size":"auto","background-attachment":"scroll","background-type":"","background-media":"","overlay-type":"","overlay-color":"","overlay-opacity":"","overlay-gradient":""}},"ast-content-background-meta":{"desktop":{"background-color":"var(--ast-global-color-4)","background-image":"","background-repeat":"repeat","background-position":"center center","background-size":"auto","background-attachment":"scroll","background-type":"","background-media":"","overlay-type":"","overlay-color":"","overlay-opacity":"","overlay-gradient":""},"tablet":{"background-color":"var(--ast-global-color-4)","background-image":"","background-repeat":"repeat","background-position":"center center","background-size":"auto","background-attachment":"scroll","background-type":"","background-media":"","overlay-type":"","overlay-color":"","overlay-opacity":"","overlay-gradient":""},"mobile":{"background-color":"var(--ast-global-color-4)","background-image":"","background-repeat":"repeat","background-position":"center center","background-size":"auto","background-attachment":"scroll","background-type":"","background-media":"","overlay-type":"","overlay-color":"","overlay-opacity":"","overlay-gradient":""}},"footnotes":""},"categories":[],"tags":[],"class_list":["post-878","page","type-page","status-publish","has-post-thumbnail","hentry"],"_links":{"self":[{"href":"https:\/\/avecsoimaime71.com\/site\/wp-json\/wp\/v2\/pages\/878","targetHints":{"allow":["GET"]}}],"collection":[{"href":"https:\/\/avecsoimaime71.com\/site\/wp-json\/wp\/v2\/pages"}],"about":[{"href":"https:\/\/avecsoimaime71.com\/site\/wp-json\/wp\/v2\/types\/page"}],"author":[{"embeddable":true,"href":"https:\/\/avecsoimaime71.com\/site\/wp-json\/wp\/v2\/users\/1"}],"replies":[{"embeddable":true,"href":"https:\/\/avecsoimaime71.com\/site\/wp-json\/wp\/v2\/comments?post=878"}],"version-history":[{"count":2,"href":"https:\/\/avecsoimaime71.com\/site\/wp-json\/wp\/v2\/pages\/878\/revisions"}],"predecessor-version":[{"id":5118,"href":"https:\/\/avecsoimaime71.com\/site\/wp-json\/wp\/v2\/pages\/878\/revisions\/5118"}],"wp:featuredmedia":[{"embeddable":true,"href":"https:\/\/avecsoimaime71.com\/site\/wp-json\/wp\/v2\/media\/2142"}],"wp:attachment":[{"href":"https:\/\/avecsoimaime71.com\/site\/wp-json\/wp\/v2\/media?parent=878"}],"wp:term":[{"taxonomy":"category","embeddable":true,"href":"https:\/\/avecsoimaime71.com\/site\/wp-json\/wp\/v2\/categories?post=878"},{"taxonomy":"post_tag","embeddable":true,"href":"https:\/\/avecsoimaime71.com\/site\/wp-json\/wp\/v2\/tags?post=878"}],"curies":[{"name":"wp","href":"https:\/\/api.w.org\/{rel}","templated":true}]}}